{"id":3880,"date":"2020-07-16T09:35:50","date_gmt":"2020-07-16T07:35:50","guid":{"rendered":"https:\/\/www.madulain.ch\/?page_id=3880"},"modified":"2026-04-28T19:19:07","modified_gmt":"2026-04-28T17:19:07","slug":"alp-es-cha-dadour","status":"publish","type":"page","link":"https:\/\/www.madulain.ch\/it\/tourismus\/alp-es-cha-dadour\/","title":{"rendered":"Alp Es-cha Dadour"},"content":{"rendered":"<div data-elementor-type=\"wp-page\" data-elementor-id=\"3880\" class=\"elementor elementor-3880\" data-elementor-post-type=\"page\">\n\t\t\t\t\t\t<section class=\"elementor-section elementor-top-section elementor-element elementor-element-93dece3 elementor-section-stretched elementor-section-height-min-height elementor-section-boxed elementor-section-height-default elementor-section-items-middle\" data-id=\"93dece3\" data-element_type=\"section\" data-e-type=\"section\" data-settings=\"{&quot;stretch_section&quot;:&quot;section-stretched&quot;,&quot;background_background&quot;:&quot;classic&quot;}\">\n\t\t\t\t\t\t\t<div class=\"elementor-background-overlay\"><\/div>\n\t\t\t\t\t\t\t<div class=\"elementor-container elementor-column-gap-default\">\n\t\t\t\t\t<div class=\"elementor-column elementor-col-100 elementor-top-column elementor-element elementor-element-dfd38b5\" data-id=\"dfd38b5\" data-element_type=\"column\" data-e-type=\"column\">\n\t\t\t<div class=\"elementor-widget-wrap\">\n\t\t\t\t\t\t\t<\/div>\n\t\t<\/div>\n\t\t\t\t\t<\/div>\n\t\t<\/section>\n\t\t\t\t<section class=\"elementor-section elementor-top-section elementor-element elementor-element-356ffd9 elementor-section-stretched elementor-section-height-min-height elementor-hidden-desktop elementor-hidden-tablet elementor-hidden-mobile elementor-section-boxed elementor-section-height-default elementor-section-items-middle\" data-id=\"356ffd9\" data-element_type=\"section\" data-e-type=\"section\" data-settings=\"{&quot;stretch_section&quot;:&quot;section-stretched&quot;,&quot;background_background&quot;:&quot;classic&quot;}\">\n\t\t\t\t\t\t\t<div class=\"elementor-background-overlay\"><\/div>\n\t\t\t\t\t\t\t<div class=\"elementor-container elementor-column-gap-default\">\n\t\t\t\t\t<div class=\"elementor-column elementor-col-100 elementor-top-column elementor-element elementor-element-07bceed\" data-id=\"07bceed\" data-element_type=\"column\" data-e-type=\"column\">\n\t\t\t<div class=\"elementor-widget-wrap\">\n\t\t\t\t\t\t\t<\/div>\n\t\t<\/div>\n\t\t\t\t\t<\/div>\n\t\t<\/section>\n\t\t\t\t<section class=\"elementor-section elementor-top-section elementor-element elementor-element-ce0b2cb elementor-section-boxed elementor-section-height-default elementor-section-height-default\" data-id=\"ce0b2cb\" data-element_type=\"section\" data-e-type=\"section\">\n\t\t\t\t\t\t<div class=\"elementor-container elementor-column-gap-default\">\n\t\t\t\t\t<div class=\"elementor-column elementor-col-100 elementor-top-column elementor-element elementor-element-d060fca\" data-id=\"d060fca\" data-element_type=\"column\" data-e-type=\"column\">\n\t\t\t<div class=\"elementor-widget-wrap elementor-element-populated\">\n\t\t\t\t\t\t<div class=\"elementor-element elementor-element-16d1b81 elementor-widget elementor-widget-shortcode\" data-id=\"16d1b81\" data-element_type=\"widget\" data-e-type=\"widget\" data-widget_type=\"shortcode.default\">\n\t\t\t\t<div class=\"elementor-widget-container\">\n\t\t\t\t\t\t\t<div class=\"elementor-shortcode\">\t\t<div data-elementor-type=\"section\" data-elementor-id=\"774\" class=\"elementor elementor-774\" data-elementor-post-type=\"elementor_library\">\n\t\t\t\t\t<section class=\"elementor-section elementor-top-section elementor-element elementor-element-8cd0bbb elementor-section-stretched elementor-section-boxed elementor-section-height-default elementor-section-height-default\" data-id=\"8cd0bbb\" data-element_type=\"section\" data-e-type=\"section\" data-settings=\"{&quot;stretch_section&quot;:&quot;section-stretched&quot;,&quot;background_background&quot;:&quot;classic&quot;}\">\n\t\t\t\t\t\t<div class=\"elementor-container elementor-column-gap-default\">\n\t\t\t\t\t<div class=\"elementor-column elementor-col-100 elementor-top-column elementor-element elementor-element-7b558fd\" data-id=\"7b558fd\" data-element_type=\"column\" data-e-type=\"column\">\n\t\t\t<div class=\"elementor-widget-wrap elementor-element-populated\">\n\t\t\t\t\t\t<div class=\"elementor-element elementor-element-a6deeaa elementor-widget elementor-widget-breadcrumbs\" data-id=\"a6deeaa\" data-element_type=\"widget\" data-e-type=\"widget\" data-widget_type=\"breadcrumbs.default\">\n\t\t\t\t<div class=\"elementor-widget-container\">\n\t\t\t\t\t<p id=\"breadcrumbs\"><span><span><a href=\"https:\/\/www.madulain.ch\/\">Madulain.<\/a><\/span><\/span><\/p>\t\t\t\t<\/div>\n\t\t\t\t<\/div>\n\t\t\t\t\t<\/div>\n\t\t<\/div>\n\t\t\t\t\t<\/div>\n\t\t<\/section>\n\t\t\t\t<\/div>\n\t\t<\/div>\n\t\t\t\t\t\t<\/div>\n\t\t\t\t<\/div>\n\t\t\t\t\t<\/div>\n\t\t<\/div>\n\t\t\t\t\t<\/div>\n\t\t<\/section>\n\t\t\t\t<section class=\"elementor-section elementor-top-section elementor-element elementor-element-69d7c99 elementor-section-boxed elementor-section-height-default elementor-section-height-default\" data-id=\"69d7c99\" data-element_type=\"section\" data-e-type=\"section\">\n\t\t\t\t\t\t<div class=\"elementor-container elementor-column-gap-no\">\n\t\t\t\t\t<div class=\"elementor-column elementor-col-100 elementor-top-column elementor-element elementor-element-8ce522a\" data-id=\"8ce522a\" data-element_type=\"column\" data-e-type=\"column\">\n\t\t\t<div class=\"elementor-widget-wrap elementor-element-populated\">\n\t\t\t\t\t\t<div class=\"elementor-element elementor-element-4c1ffb5 elementor-widget elementor-widget-heading\" data-id=\"4c1ffb5\" data-element_type=\"widget\" data-e-type=\"widget\" data-widget_type=\"heading.default\">\n\t\t\t\t<div class=\"elementor-widget-container\">\n\t\t\t\t\t<h1 class=\"elementor-heading-title elementor-size-default\">Alp Es-cha Dadour<\/h1>\t\t\t\t<\/div>\n\t\t\t\t<\/div>\n\t\t\t\t\t<\/div>\n\t\t<\/div>\n\t\t\t\t\t<\/div>\n\t\t<\/section>\n\t\t\t\t<section class=\"elementor-section elementor-top-section elementor-element elementor-element-c2158a0 elementor-section-content-middle elementor-reverse-mobile elementor-reverse-tablet elementor-section-boxed elementor-section-height-default elementor-section-height-default\" data-id=\"c2158a0\" data-element_type=\"section\" data-e-type=\"section\">\n\t\t\t\t\t\t<div class=\"elementor-container elementor-column-gap-no\">\n\t\t\t\t\t<div class=\"elementor-column elementor-col-50 elementor-top-column elementor-element elementor-element-687891e\" data-id=\"687891e\" data-element_type=\"column\" data-e-type=\"column\">\n\t\t\t<div class=\"elementor-widget-wrap elementor-element-populated\">\n\t\t\t\t\t\t<div class=\"elementor-element elementor-element-75e25a8 elementor-widget elementor-widget-text-editor\" data-id=\"75e25a8\" data-element_type=\"widget\" data-e-type=\"widget\" data-widget_type=\"text-editor.default\">\n\t\t\t\t<div class=\"elementor-widget-container\">\n\t\t\t\t\t\t\t\t\t<p><span style=\"font-size: 19px;\"><b>Il rinnovato Alp Es-cha Dadour<\/b> sopra Madulain \u00e8 un suggerimento per escursioni indimenticabili e un must per ogni fan di Madulain. Sull&#039;alpe, di propriet\u00e0 del comune di Madulain, si gode di un meraviglioso panorama e della tranquillit\u00e0 della natura. Questo \u00e8 un posto meraviglioso dove soffermarsi e rafforzarsi per l&#039;imminente escursione.\u00a0<\/span><span style=\"font-size: 19px; font-style: normal; font-weight: 400;\">L&#039;Alp Es-cha Dadour\u00a0<\/span><span style=\"font-size: 19px; font-style: normal; font-weight: 400;\">(2063 m)<\/span><span style=\"font-size: 19px; font-style: normal; font-weight: 400;\">\u00a0\u00e8\u00a0<\/span><span style=\"font-size: 19px; font-style: normal; font-weight: 400;\">in poco pi\u00f9 di un&#039;ora<\/span><span style=\"font-size: 19px; font-style: normal; font-weight: 400;\">\u00a0<\/span><span style=\"font-size: 19px; font-style: normal; font-weight: 400;\">accessibile dal centro del paese di Madulain.<\/span><span style=\"font-size: 19px; font-style: normal; font-weight: 400;\">\u00a0<\/span><\/p><p>\u00a0<\/p>\t\t\t\t\t\t\t\t<\/div>\n\t\t\t\t<\/div>\n\t\t\t\t\t<\/div>\n\t\t<\/div>\n\t\t\t\t<div class=\"elementor-column elementor-col-50 elementor-top-column elementor-element elementor-element-c41e871\" data-id=\"c41e871\" data-element_type=\"column\" data-e-type=\"column\">\n\t\t\t<div class=\"elementor-widget-wrap elementor-element-populated\">\n\t\t\t\t\t\t<div class=\"elementor-element elementor-element-593d6cb elementor-widget elementor-widget-image\" data-id=\"593d6cb\" data-element_type=\"widget\" data-e-type=\"widget\" data-widget_type=\"image.default\">\n\t\t\t\t<div class=\"elementor-widget-container\">\n\t\t\t\t\t\t\t\t\t\t\t\t\t\t\t<img decoding=\"async\" src=\"https:\/\/www.madulain.ch\/wp-content\/uploads\/elementor\/thumbs\/AlpEschaDadour-pgvq2katxe8jwqcy6cvk19bngsadr7ca0ed1rceb2s.jpg\" title=\"AlpeEschaDadour\" alt=\"AlpeEschaDadour\" loading=\"lazy\" \/>\t\t\t\t\t\t\t\t\t\t\t\t\t\t\t<\/div>\n\t\t\t\t<\/div>\n\t\t\t\t\t<\/div>\n\t\t<\/div>\n\t\t\t\t\t<\/div>\n\t\t<\/section>\n\t\t\t\t<section class=\"elementor-section elementor-top-section elementor-element elementor-element-3913e36 elementor-section-content-middle elementor-reverse-mobile elementor-section-boxed elementor-section-height-default elementor-section-height-default\" data-id=\"3913e36\" data-element_type=\"section\" data-e-type=\"section\">\n\t\t\t\t\t\t<div class=\"elementor-container elementor-column-gap-no\">\n\t\t\t\t\t<div class=\"elementor-column elementor-col-50 elementor-top-column elementor-element elementor-element-af8433f\" data-id=\"af8433f\" data-element_type=\"column\" data-e-type=\"column\" data-settings=\"{&quot;background_background&quot;:&quot;classic&quot;}\">\n\t\t\t<div class=\"elementor-widget-wrap elementor-element-populated\">\n\t\t\t\t\t\t<div class=\"elementor-element elementor-element-860721b elementor-widget elementor-widget-image\" data-id=\"860721b\" data-element_type=\"widget\" data-e-type=\"widget\" data-widget_type=\"image.default\">\n\t\t\t\t<div class=\"elementor-widget-container\">\n\t\t\t\t\t\t\t\t\t\t\t\t\t\t\t<img decoding=\"async\" src=\"https:\/\/www.madulain.ch\/wp-content\/uploads\/elementor\/thumbs\/Alp-Es-cha-Post-ol457ko2t7dnhcf3oqjrs6ac94i951yjb3fw5rlaxg.jpg\" title=\"Alp Es-cha Post\" alt=\"Alp Es-cha Post\" loading=\"lazy\" \/>\t\t\t\t\t\t\t\t\t\t\t\t\t\t\t<\/div>\n\t\t\t\t<\/div>\n\t\t\t\t<div class=\"elementor-element elementor-element-de675fe elementor-widget elementor-widget-image\" data-id=\"de675fe\" data-element_type=\"widget\" data-e-type=\"widget\" data-widget_type=\"image.default\">\n\t\t\t\t<div class=\"elementor-widget-container\">\n\t\t\t\t\t\t\t\t\t\t\t\t\t\t\t<img decoding=\"async\" src=\"https:\/\/www.madulain.ch\/wp-content\/uploads\/elementor\/thumbs\/Alp-Escha-innenansicht-oy9hti4a2uighoqmw14pi6yyrcqq9paltqd7wxh2tw.jpg\" title=\"Vista interna dell&#039;Alp-Escha\" alt=\"Vista interna dell&#039;Alp-Escha\" loading=\"lazy\" \/>\t\t\t\t\t\t\t\t\t\t\t\t\t\t\t<\/div>\n\t\t\t\t<\/div>\n\t\t\t\t<div class=\"elementor-element elementor-element-f944db4 elementor-widget elementor-widget-image\" data-id=\"f944db4\" data-element_type=\"widget\" data-e-type=\"widget\" data-widget_type=\"image.default\">\n\t\t\t\t<div class=\"elementor-widget-container\">\n\t\t\t\t\t\t\t\t\t\t\t\t\t\t\t<img decoding=\"async\" src=\"https:\/\/www.madulain.ch\/wp-content\/uploads\/elementor\/thumbs\/madulain_alp_es_cha_dadour_12-okyoe3dda3w280h3wzzfb65kkfxsab3ch81df1aydw.jpg\" title=\"madulain_alp_es_cha_dadour_12\" alt=\"madulain_alp_es_cha_dadour_12\" loading=\"lazy\" \/>\t\t\t\t\t\t\t\t\t\t\t\t\t\t\t<\/div>\n\t\t\t\t<\/div>\n\t\t\t\t<div class=\"elementor-element elementor-element-115adcd elementor-widget elementor-widget-image\" data-id=\"115adcd\" data-element_type=\"widget\" data-e-type=\"widget\" data-widget_type=\"image.default\">\n\t\t\t\t<div class=\"elementor-widget-container\">\n\t\t\t\t\t\t\t\t\t\t\t\t\t\t\t<img decoding=\"async\" src=\"https:\/\/www.madulain.ch\/wp-content\/uploads\/elementor\/thumbs\/madulain_alp_es_cha_dadour_Schild-pnvhg6b3zupp51r0w20x26by2za3xn70t1ta7rawes.jpeg\" title=\"madulain_alp_es_cha_dadour_Shield\" alt=\"madulain_alp_es_cha_dadour_Shield\" loading=\"lazy\" \/>\t\t\t\t\t\t\t\t\t\t\t\t\t\t\t<\/div>\n\t\t\t\t<\/div>\n\t\t\t\t\t<\/div>\n\t\t<\/div>\n\t\t\t\t<div class=\"elementor-column elementor-col-50 elementor-top-column elementor-element elementor-element-a7a0b01\" data-id=\"a7a0b01\" data-element_type=\"column\" data-e-type=\"column\">\n\t\t\t<div class=\"elementor-widget-wrap elementor-element-populated\">\n\t\t\t\t\t\t<div class=\"elementor-element elementor-element-d76e862 elementor-widget elementor-widget-heading\" data-id=\"d76e862\" data-element_type=\"widget\" data-e-type=\"widget\" data-widget_type=\"heading.default\">\n\t\t\t\t<div class=\"elementor-widget-container\">\n\t\t\t\t\t<h2 class=\"elementor-heading-title elementor-size-default\">Alpe Es-cha<br>in autunno e inverno<br>&quot;La Marendaria&quot; di Alexander Gruber<\/h2>\t\t\t\t<\/div>\n\t\t\t\t<\/div>\n\t\t\t\t<div class=\"elementor-element elementor-element-f77190d elementor-widget elementor-widget-text-editor\" data-id=\"f77190d\" data-element_type=\"widget\" data-e-type=\"widget\" data-widget_type=\"text-editor.default\">\n\t\t\t\t<div class=\"elementor-widget-container\">\n\t\t\t\t\t\t\t\t\t<p><strong>Aperto da ottobre a met\u00e0 marzo.<br \/><\/strong> <br \/>Il locatore del rifugio Alexander Gruber \u00e8 sempre lieto di ricevere visitatori. Nel suo accogliente ristorante alpino serve piatti regionali e nutrienti. In autunno potrete gustare piatti abbondanti e diverse deliziose prelibatezze della cucina altoatesina.<\/p><p><strong>Serate fonduta e raclette<\/strong> sono possibili su richiesta per un massimo di 30 persone.\u00a0<\/p><p>Per raggiungere Madulain o Zuoz in inverno potete anche noleggiare una slitta da Alexander.<\/p><p><strong>Per passare la notte sull&#039;alpe<\/strong>, \u00e8 anche possibile. <br \/>Massimo 12 persone<br \/>Si prega di informarsi direttamente con Alexander Gruber.<\/p><p><span style=\"font-weight: bold; font-size: 19px; font-style: normal;\">Orari di apertura autunno\/inverno 2025\/2026<br \/><\/span><span style=\"color: #339966;\"><span style=\"color: #333333;\"><strong>Dal 6 ottobre 2025 al 2 novembre 2025:<\/strong><\/span><\/span><\/p><ul><li>Aperto tutti i giorni dalle 11:00 alle 16:00<\/li><li>La sera solo su richiesta\/pre-registrazione<\/li><\/ul><p><span style=\"color: #339966;\"><span style=\"color: #333333;\"><strong>Dall&#039;8 novembre 2025 al 30 novembre 2025:<\/strong><\/span><\/span><\/p><ul><li>Aperto sabato e domenica dalle 11:00 alle 16:00<\/li><li>La sera solo su richiesta\/pre-registrazione<\/li><\/ul><p><span style=\"color: #339966;\"><span style=\"color: #333333;\"><strong>Dal 1\u00b0 dicembre 2025 a met\u00e0 marzo 2026:<\/strong><\/span><\/span><\/p><ul><li>Aperto tutti i giorni dalle 11:00 alle 16:00<\/li><li>La sera solo su richiesta\/pre-registrazione<\/li><\/ul><p><b style=\"font-style: inherit;\">Informazioni e prenotazione\u00a0<br \/><\/b><span style=\"font-size: 19px;\">Alexander Gruber<br \/><\/span><span style=\"font-size: 19px;\">Tel.\u00a0\u00a0<\/span><a style=\"font-size: 19px; background-color: #ffffff;\" href=\"tel:+41789520479\" target=\"_blank\" rel=\"noopener\">+41 78 952 04 79<\/a><br \/>e-mail <a href=\"mailto:alpen.alex@hotmail.com\" target=\"_blank\" rel=\"noopener\">alpen.alex@hotmail.com<\/a><\/p>\t\t\t\t\t\t\t\t<\/div>\n\t\t\t\t<\/div>\n\t\t\t\t\t<\/div>\n\t\t<\/div>\n\t\t\t\t\t<\/div>\n\t\t<\/section>\n\t\t\t\t<section class=\"elementor-section elementor-top-section elementor-element elementor-element-e7246c9 elementor-section-content-middle elementor-reverse-mobile elementor-reverse-tablet elementor-section-boxed elementor-section-height-default elementor-section-height-default\" data-id=\"e7246c9\" data-element_type=\"section\" data-e-type=\"section\">\n\t\t\t\t\t\t<div class=\"elementor-container elementor-column-gap-no\">\n\t\t\t\t\t<div class=\"elementor-column elementor-col-50 elementor-top-column elementor-element elementor-element-bcb8c6b\" data-id=\"bcb8c6b\" data-element_type=\"column\" data-e-type=\"column\" data-settings=\"{&quot;background_background&quot;:&quot;classic&quot;}\">\n\t\t\t<div class=\"elementor-widget-wrap elementor-element-populated\">\n\t\t\t\t\t\t<div class=\"elementor-element elementor-element-c5191e5 elementor-widget elementor-widget-image\" data-id=\"c5191e5\" data-element_type=\"widget\" data-e-type=\"widget\" data-widget_type=\"image.default\">\n\t\t\t\t<div class=\"elementor-widget-container\">\n\t\t\t\t\t\t\t\t\t\t\t\t<figure class=\"wp-caption\">\n\t\t\t\t\t\t\t\t\t\t\t<a href=\"https:\/\/www.madulain.ch\/wp-content\/uploads\/2019\/11\/Karte-Alp.png\" data-elementor-open-lightbox=\"yes\" data-elementor-lightbox-title=\"Karte-Alp\" data-e-action-hash=\"#elementor-action%3Aaction%3Dlightbox%26settings%3DeyJpZCI6MjM4NywidXJsIjoiaHR0cHM6XC9cL3d3dy5tYWR1bGFpbi5jaFwvd3AtY29udGVudFwvdXBsb2Fkc1wvMjAxOVwvMTFcL0thcnRlLUFscC5wbmcifQ%3D%3D\">\n\t\t\t\t\t\t\t<img fetchpriority=\"high\" decoding=\"async\" width=\"843\" height=\"666\" src=\"https:\/\/www.madulain.ch\/wp-content\/uploads\/2019\/11\/Karte-Alp.png\" class=\"attachment-large size-large wp-image-2387\" alt=\"\" srcset=\"https:\/\/www.madulain.ch\/wp-content\/uploads\/2019\/11\/Karte-Alp.png 843w, https:\/\/www.madulain.ch\/wp-content\/uploads\/2019\/11\/Karte-Alp-300x237.png 300w, https:\/\/www.madulain.ch\/wp-content\/uploads\/2019\/11\/Karte-Alp-768x607.png 768w, https:\/\/www.madulain.ch\/wp-content\/uploads\/2019\/11\/Karte-Alp-700x553.png 700w\" sizes=\"(max-width: 843px) 100vw, 843px\" \/>\t\t\t\t\t\t\t\t<\/a>\n\t\t\t\t\t\t\t\t\t\t\t<figcaption class=\"widget-image-caption wp-caption-text\"><\/figcaption>\n\t\t\t\t\t\t\t\t\t\t<\/figure>\n\t\t\t\t\t\t\t\t\t<\/div>\n\t\t\t\t<\/div>\n\t\t\t\t\t<\/div>\n\t\t<\/div>\n\t\t\t\t<div class=\"elementor-column elementor-col-50 elementor-top-column elementor-element elementor-element-3f0268d\" data-id=\"3f0268d\" data-element_type=\"column\" data-e-type=\"column\">\n\t\t\t<div class=\"elementor-widget-wrap elementor-element-populated\">\n\t\t\t\t\t\t<div class=\"elementor-element elementor-element-c17241f elementor-widget elementor-widget-text-editor\" data-id=\"c17241f\" data-element_type=\"widget\" data-e-type=\"widget\" data-widget_type=\"text-editor.default\">\n\t\t\t\t<div class=\"elementor-widget-container\">\n\t\t\t\t\t\t\t\t\t<p><b>La via per\u00a0<\/b><span style=\"font-size: 19px; font-style: normal;\"><b>Alp Es-cha Dadour<br \/><\/b><\/span><span style=\"font-size: 19px;\">4 chilometri, circa 370 metri di dislivello. L&#039;Alp Es-cha Dadour si trova a circa un&#039;ora di cammino dal paese. <br \/>Se lo desideri, in estate puoi anche scegliere il sentiero diretto ma pi\u00f9 ripido lungo l&#039;Es-cha Bach.<\/span><\/p>\t\t\t\t\t\t\t\t<\/div>\n\t\t\t\t<\/div>\n\t\t\t\t<div class=\"elementor-element elementor-element-46aeafb elementor-widget elementor-widget-spacer\" data-id=\"46aeafb\" data-element_type=\"widget\" data-e-type=\"widget\" data-widget_type=\"spacer.default\">\n\t\t\t\t<div class=\"elementor-widget-container\">\n\t\t\t\t\t\t\t<div class=\"elementor-spacer\">\n\t\t\t<div class=\"elementor-spacer-inner\"><\/div>\n\t\t<\/div>\n\t\t\t\t\t\t<\/div>\n\t\t\t\t<\/div>\n\t\t\t\t\t<\/div>\n\t\t<\/div>\n\t\t\t\t\t<\/div>\n\t\t<\/section>\n\t\t\t\t<section class=\"elementor-section elementor-top-section elementor-element elementor-element-c1daa2a elementor-section-content-middle elementor-section-boxed elementor-section-height-default elementor-section-height-default\" data-id=\"c1daa2a\" data-element_type=\"section\" data-e-type=\"section\">\n\t\t\t\t\t\t<div class=\"elementor-container elementor-column-gap-no\">\n\t\t\t\t\t<div class=\"elementor-column elementor-col-50 elementor-top-column elementor-element elementor-element-346fc74\" data-id=\"346fc74\" data-element_type=\"column\" data-e-type=\"column\">\n\t\t\t<div class=\"elementor-widget-wrap elementor-element-populated\">\n\t\t\t\t\t\t<div class=\"elementor-element elementor-element-9816963 elementor-widget elementor-widget-heading\" data-id=\"9816963\" data-element_type=\"widget\" data-e-type=\"widget\" data-widget_type=\"heading.default\">\n\t\t\t\t<div class=\"elementor-widget-container\">\n\t\t\t\t\t<h2 class=\"elementor-heading-title elementor-size-default\">Alp Es-cha in estate<\/h2>\t\t\t\t<\/div>\n\t\t\t\t<\/div>\n\t\t\t\t<div class=\"elementor-element elementor-element-991bce8 elementor-widget elementor-widget-text-editor\" data-id=\"991bce8\" data-element_type=\"widget\" data-e-type=\"widget\" data-widget_type=\"text-editor.default\">\n\t\t\t\t<div class=\"elementor-widget-container\">\n\t\t\t\t\t\t\t\t\t<p><strong>Da fine maggio a fine settembre <\/strong><b>aprire.<br \/><\/b><b> <\/b><br \/>Dal terrazzo si pu\u00f2 godere del bellissimo panorama e lasciarsi coccolare dai prodotti regionali.<\/p><p>Dal 25 giugno al 20 agosto 2025, ogni mercoled\u00ec alle 8.30, potrete osservare il casaro al lavoro e scoprire come vengono prodotti i deliziosi prodotti lattiero-caseari alpini.<br \/><a href=\"http:\/\/Tel.+41766979424\" target=\"_blank\" rel=\"noopener\">Iscrizione obbligatoria<\/a> fino a marted\u00ec prima delle 12:00. \u00c8 possibile prenotare anche in altre date per gruppi pi\u00f9 numerosi.<\/p><p><span style=\"font-size: 19px;\">\u00c8 anche possibile pernottare sull&#039;alpe.\u00a0<\/span><a style=\"font-size: 19px; font-style: normal; font-weight: 400; background-color: #ffffff;\" href=\"https:\/\/www.booking.com\/hotel\/ch\/alp-es-cha-dadour.de.html?aid=304142&amp;label=gen173rf-1FCBcoggI46AdIM1gDaCyIAQGYAQe4AQfIAQzYAQHoAQH4AQmIAgGiAgttYWR1bGFpbi5jaKgCA7gCyuHWsgbAAgHSAiRkOWY2OTAxOC0zNGYzLTQ0MjgtODllZS00YmI3MDU2MjEwNzHYAgbgAgE&amp;sid=67a5b62f937dd3e9a0cee286ba5dc1ee&amp;dest_id=7220080;dest_type=hotel;dist=0;group_adults=2;group_children=0;hapos=1;hpos=1;no_rooms=1;req_adults=2;req_children=0;room1=A%2CA;sb_price_type=total;sr_order=popularity;srepoch=1716891907;srpvid=427b493cddb8019a;type=total;ucfs=1&amp;\" target=\"_blank\" rel=\"noopener\">Qui<\/a><span style=\"font-size: 19px; font-style: normal; font-weight: 400;\">\u00a0prenotabile.<\/span><\/p><p><span style=\"font-weight: bold; font-size: 19px; font-style: normal;\">Orari di apertura estate 2025<br \/><\/span><span style=\"font-size: 19px;\"><strong>Dal 29 maggio 2025 al 21 settembre 2025:<\/strong><\/span><\/p><ul><li><span style=\"font-size: 19px;\">tutti i giorni dalle 8:00 alle 17:00<\/span><\/li><li>Su richiesta \u00e8 possibile anche una cena Alp Raclette con formaggio fatto in casa.<\/li><\/ul><p><b style=\"font-style: inherit;\">Informazioni e Prenotazioni\u00a0<br \/><\/b>Tel.\u00a0 <a href=\"tel:+41798991184\" target=\"_blank\" rel=\"noopener\">+41 79 899 11 84<\/a><\/p><p>Tutto il team attende con ansia ogni vostra visita!<\/p>\t\t\t\t\t\t\t\t<\/div>\n\t\t\t\t<\/div>\n\t\t\t\t\t<\/div>\n\t\t<\/div>\n\t\t\t\t<div class=\"elementor-column elementor-col-50 elementor-top-column elementor-element elementor-element-467a766\" data-id=\"467a766\" data-element_type=\"column\" data-e-type=\"column\" data-settings=\"{&quot;background_background&quot;:&quot;classic&quot;}\">\n\t\t\t<div class=\"elementor-widget-wrap elementor-element-populated\">\n\t\t\t\t\t\t<div class=\"elementor-element elementor-element-0233e8c elementor-widget elementor-widget-image\" data-id=\"0233e8c\" data-element_type=\"widget\" data-e-type=\"widget\" data-widget_type=\"image.default\">\n\t\t\t\t<div class=\"elementor-widget-container\">\n\t\t\t\t\t\t\t\t\t\t\t\t\t\t\t<img decoding=\"async\" src=\"https:\/\/www.madulain.ch\/wp-content\/uploads\/elementor\/thumbs\/madulain_alp_es_cha_dadour_7-oeocecmakybneddywyvktwl5mx1qfda9zowjsr9tp0.jpg\" title=\"madulain_alp_es_cha_dadour_7\" alt=\"madulain_alp_es_cha_dadour_7\" loading=\"lazy\" \/>\t\t\t\t\t\t\t\t\t\t\t\t\t\t\t<\/div>\n\t\t\t\t<\/div>\n\t\t\t\t<div class=\"elementor-element elementor-element-1ef8725 elementor-widget elementor-widget-image\" data-id=\"1ef8725\" data-element_type=\"widget\" data-e-type=\"widget\" data-widget_type=\"image.default\">\n\t\t\t\t<div class=\"elementor-widget-container\">\n\t\t\t\t\t\t\t\t\t\t\t\t\t\t\t<img decoding=\"async\" src=\"https:\/\/www.madulain.ch\/wp-content\/uploads\/elementor\/thumbs\/Alp_Sommer_2021-p8i09cwj6fra4dx8w8kvo1w4eta15kuqxxvjt99q50.jpg\" title=\"Alp_Summer_2021\" alt=\"Alp_Summer_2021\" loading=\"lazy\" \/>\t\t\t\t\t\t\t\t\t\t\t\t\t\t\t<\/div>\n\t\t\t\t<\/div>\n\t\t\t\t<div class=\"elementor-element elementor-element-6d333ab elementor-widget elementor-widget-image\" data-id=\"6d333ab\" data-element_type=\"widget\" data-e-type=\"widget\" data-widget_type=\"image.default\">\n\t\t\t\t<div class=\"elementor-widget-container\">\n\t\t\t\t\t\t\t\t\t\t\t\t\t\t\t<img decoding=\"async\" src=\"https:\/\/www.madulain.ch\/wp-content\/uploads\/elementor\/thumbs\/AlpKaeserei-p7zfjfo12odduan1p5hqe0u42akyaj1pr30xmnwz9w.jpg\" title=\"Caseificio di malga\" alt=\"Caseificio di malga\" loading=\"lazy\" \/>\t\t\t\t\t\t\t\t\t\t\t\t\t\t\t<\/div>\n\t\t\t\t<\/div>\n\t\t\t\t\t<\/div>\n\t\t<\/div>\n\t\t\t\t\t<\/div>\n\t\t<\/section>\n\t\t\t\t<\/div>","protected":false},"excerpt":{"rendered":"\n<p>\t\t\t\t\tMadulain\t\t\t\t<\/p>\n<p>Alp Es-cha Dadour<br \/>\nDie renovierte Alp Es-cha Dadour oberhalb von Madulain ist ein Geheimtipp f\u00fcr unvergessliche Ausfl\u00fcge und ein Muss f\u00fcr [&#8230;]<\/p>\n","protected":false},"author":2,"featured_media":513,"parent":939,"menu_order":0,"comment_status":"closed","ping_status":"closed","template":"","meta":{"_relevanssi_hide_post":"","_relevanssi_hide_content":"","_relevanssi_pin_for_all":"","_relevanssi_pin_keywords":"","_relevanssi_unpin_keywords":"","_relevanssi_related_keywords":"","_relevanssi_related_include_ids":"","_relevanssi_related_exclude_ids":"","_relevanssi_related_no_append":"","_relevanssi_related_not_related":"","_relevanssi_related_posts":"","_relevanssi_noindex_reason":"","site-sidebar-layout":"no-sidebar","site-content-layout":"page-builder","ast-site-content-layout":"default","site-content-style":"default","site-sidebar-style":"default","ast-global-header-display":"","ast-banner-title-visibility":"","ast-main-header-display":"","ast-hfb-above-header-display":"","ast-hfb-below-header-display":"","ast-hfb-mobile-header-display":"","site-post-title":"disabled","ast-breadcrumbs-content":"","ast-featured-img":"disabled","footer-sml-layout":"","ast-disable-related-posts":"","theme-transparent-header-meta":"default","adv-header-id-meta":"","stick-header-meta":"","header-above-stick-meta":"","header-main-stick-meta":"","header-below-stick-meta":"","astra-migrate-meta-layouts":"default","ast-page-background-enabled":"default","ast-page-background-meta":{"desktop":{"background-color":"","background-image":"","background-repeat":"repeat","background-position":"center center","background-size":"auto","background-attachment":"scroll","background-type":"","background-media":"","overlay-type":"","overlay-color":"","overlay-opacity":"","overlay-gradient":""},"tablet":{"background-color":"","background-image":"","background-repeat":"repeat","background-position":"center center","background-size":"auto","background-attachment":"scroll","background-type":"","background-media":"","overlay-type":"","overlay-color":"","overlay-opacity":"","overlay-gradient":""},"mobile":{"background-color":"","background-image":"","background-repeat":"repeat","background-position":"center center","background-size":"auto","background-attachment":"scroll","background-type":"","background-media":"","overlay-type":"","overlay-color":"","overlay-opacity":"","overlay-gradient":""}},"ast-content-background-meta":{"desktop":{"background-color":"var(--ast-global-color-5)","background-image":"","background-repeat":"repeat","background-position":"center center","background-size":"auto","background-attachment":"scroll","background-type":"","background-media":"","overlay-type":"","overlay-color":"","overlay-opacity":"","overlay-gradient":""},"tablet":{"background-color":"var(--ast-global-color-5)","background-image":"","background-repeat":"repeat","background-position":"center center","background-size":"auto","background-attachment":"scroll","background-type":"","background-media":"","overlay-type":"","overlay-color":"","overlay-opacity":"","overlay-gradient":""},"mobile":{"background-color":"var(--ast-global-color-5)","background-image":"","background-repeat":"repeat","background-position":"center center","background-size":"auto","background-attachment":"scroll","background-type":"","background-media":"","overlay-type":"","overlay-color":"","overlay-opacity":"","overlay-gradient":""}},"footnotes":""},"class_list":["post-3880","page","type-page","status-publish","has-post-thumbnail","hentry"],"yoast_head":"<!-- This site is optimized with the Yoast SEO plugin v27.4 - https:\/\/yoast.com\/product\/yoast-seo-wordpress\/ -->\n<title>Alp Es-cha Dadour - Gemeinde Madulain<\/title>\n<meta name=\"robots\" content=\"index, follow, max-snippet:-1, max-image-preview:large, max-video-preview:-1\" \/>\n<link rel=\"canonical\" href=\"https:\/\/www.madulain.ch\/it\/turismo\/alp-es-cha-dadour\/\" \/>\n<meta property=\"og:locale\" content=\"it_IT\" \/>\n<meta property=\"og:type\" content=\"article\" \/>\n<meta property=\"og:title\" content=\"Alp Es-cha Dadour - Gemeinde Madulain\" \/>\n<meta property=\"og:description\" content=\"Madulain                  Alp Es-cha Dadour Die renovierte Alp Es-cha Dadour oberhalb von Madulain ist ein Geheimtipp f\u00fcr unvergessliche Ausfl\u00fcge und ein Muss f\u00fcr [...]\" \/>\n<meta property=\"og:url\" content=\"https:\/\/www.madulain.ch\/it\/turismo\/alp-es-cha-dadour\/\" \/>\n<meta property=\"og:site_name\" content=\"Gemeinde Madulain\" \/>\n<meta property=\"article:modified_time\" content=\"2026-04-28T17:19:07+00:00\" \/>\n<meta property=\"og:image\" content=\"https:\/\/www.madulain.ch\/wp-content\/uploads\/2019\/10\/madulain_alp_es_cha_dadour_6.jpg\" \/>\n\t<meta property=\"og:image:width\" content=\"1920\" \/>\n\t<meta property=\"og:image:height\" content=\"1080\" \/>\n\t<meta property=\"og:image:type\" content=\"image\/jpeg\" \/>\n<meta name=\"twitter:card\" content=\"summary_large_image\" \/>\n<meta name=\"twitter:label1\" content=\"Tempo di lettura stimato\" \/>\n\t<meta name=\"twitter:data1\" content=\"5 minuti\" \/>\n<script type=\"application\/ld+json\" class=\"yoast-schema-graph\">{\"@context\":\"https:\\\/\\\/schema.org\",\"@graph\":[{\"@type\":\"WebPage\",\"@id\":\"https:\\\/\\\/www.madulain.ch\\\/tourismus\\\/alp-es-cha-dadour\\\/\",\"url\":\"https:\\\/\\\/www.madulain.ch\\\/tourismus\\\/alp-es-cha-dadour\\\/\",\"name\":\"Alp Es-cha Dadour - Gemeinde Madulain\",\"isPartOf\":{\"@id\":\"https:\\\/\\\/www.madulain.ch\\\/#website\"},\"primaryImageOfPage\":{\"@id\":\"https:\\\/\\\/www.madulain.ch\\\/tourismus\\\/alp-es-cha-dadour\\\/#primaryimage\"},\"image\":{\"@id\":\"https:\\\/\\\/www.madulain.ch\\\/tourismus\\\/alp-es-cha-dadour\\\/#primaryimage\"},\"thumbnailUrl\":\"https:\\\/\\\/www.madulain.ch\\\/wp-content\\\/uploads\\\/2019\\\/10\\\/madulain_alp_es_cha_dadour_6.jpg\",\"datePublished\":\"2020-07-16T07:35:50+00:00\",\"dateModified\":\"2026-04-28T17:19:07+00:00\",\"breadcrumb\":{\"@id\":\"https:\\\/\\\/www.madulain.ch\\\/tourismus\\\/alp-es-cha-dadour\\\/#breadcrumb\"},\"inLanguage\":\"it-IT\",\"potentialAction\":[{\"@type\":\"ReadAction\",\"target\":[\"https:\\\/\\\/www.madulain.ch\\\/tourismus\\\/alp-es-cha-dadour\\\/\"]}]},{\"@type\":\"ImageObject\",\"inLanguage\":\"it-IT\",\"@id\":\"https:\\\/\\\/www.madulain.ch\\\/tourismus\\\/alp-es-cha-dadour\\\/#primaryimage\",\"url\":\"https:\\\/\\\/www.madulain.ch\\\/wp-content\\\/uploads\\\/2019\\\/10\\\/madulain_alp_es_cha_dadour_6.jpg\",\"contentUrl\":\"https:\\\/\\\/www.madulain.ch\\\/wp-content\\\/uploads\\\/2019\\\/10\\\/madulain_alp_es_cha_dadour_6.jpg\",\"width\":1920,\"height\":1080},{\"@type\":\"BreadcrumbList\",\"@id\":\"https:\\\/\\\/www.madulain.ch\\\/tourismus\\\/alp-es-cha-dadour\\\/#breadcrumb\",\"itemListElement\":[{\"@type\":\"ListItem\",\"position\":1,\"name\":\"Madulain\",\"item\":\"https:\\\/\\\/www.madulain.ch\\\/\"},{\"@type\":\"ListItem\",\"position\":2,\"name\":\"Der Ferienort\",\"item\":\"https:\\\/\\\/www.madulain.ch\\\/tourismus\\\/\"},{\"@type\":\"ListItem\",\"position\":3,\"name\":\"Alp Es-cha Dadour\"}]},{\"@type\":\"WebSite\",\"@id\":\"https:\\\/\\\/www.madulain.ch\\\/#website\",\"url\":\"https:\\\/\\\/www.madulain.ch\\\/\",\"name\":\"Gemeinde Madulain\",\"description\":\"Region Maloja, Engadin - St. Moritz\",\"publisher\":{\"@id\":\"https:\\\/\\\/www.madulain.ch\\\/#organization\"},\"potentialAction\":[{\"@type\":\"SearchAction\",\"target\":{\"@type\":\"EntryPoint\",\"urlTemplate\":\"https:\\\/\\\/www.madulain.ch\\\/?s={search_term_string}\"},\"query-input\":{\"@type\":\"PropertyValueSpecification\",\"valueRequired\":true,\"valueName\":\"search_term_string\"}}],\"inLanguage\":\"it-IT\"},{\"@type\":\"Organization\",\"@id\":\"https:\\\/\\\/www.madulain.ch\\\/#organization\",\"name\":\"Gemeinde Madulain\",\"url\":\"https:\\\/\\\/www.madulain.ch\\\/\",\"logo\":{\"@type\":\"ImageObject\",\"inLanguage\":\"it-IT\",\"@id\":\"https:\\\/\\\/www.madulain.ch\\\/#\\\/schema\\\/logo\\\/image\\\/\",\"url\":\"https:\\\/\\\/www.madulain.ch\\\/wp-content\\\/uploads\\\/2019\\\/08\\\/madulain_logo_black.png\",\"contentUrl\":\"https:\\\/\\\/www.madulain.ch\\\/wp-content\\\/uploads\\\/2019\\\/08\\\/madulain_logo_black.png\",\"width\":500,\"height\":129,\"caption\":\"Gemeinde Madulain\"},\"image\":{\"@id\":\"https:\\\/\\\/www.madulain.ch\\\/#\\\/schema\\\/logo\\\/image\\\/\"}}]}<\/script>\n<!-- \/ Yoast SEO plugin. -->","yoast_head_json":{"title":"Alp Es-cha Dadour - Comune di Madulain","robots":{"index":"index","follow":"follow","max-snippet":"max-snippet:-1","max-image-preview":"max-image-preview:large","max-video-preview":"max-video-preview:-1"},"canonical":"https:\/\/www.madulain.ch\/it\/turismo\/alp-es-cha-dadour\/","og_locale":"it_IT","og_type":"article","og_title":"Alp Es-cha Dadour - Gemeinde Madulain","og_description":"Madulain                  Alp Es-cha Dadour Die renovierte Alp Es-cha Dadour oberhalb von Madulain ist ein Geheimtipp f\u00fcr unvergessliche Ausfl\u00fcge und ein Muss f\u00fcr [...]","og_url":"https:\/\/www.madulain.ch\/it\/turismo\/alp-es-cha-dadour\/","og_site_name":"Gemeinde Madulain","article_modified_time":"2026-04-28T17:19:07+00:00","og_image":[{"width":1920,"height":1080,"url":"https:\/\/www.madulain.ch\/wp-content\/uploads\/2019\/10\/madulain_alp_es_cha_dadour_6.jpg","type":"image\/jpeg"}],"twitter_card":"summary_large_image","twitter_misc":{"Tempo di lettura stimato":"5 minuti"},"schema":{"@context":"https:\/\/schema.org","@graph":[{"@type":"WebPage","@id":"https:\/\/www.madulain.ch\/tourismus\/alp-es-cha-dadour\/","url":"https:\/\/www.madulain.ch\/tourismus\/alp-es-cha-dadour\/","name":"Alp Es-cha Dadour - Comune di Madulain","isPartOf":{"@id":"https:\/\/www.madulain.ch\/#website"},"primaryImageOfPage":{"@id":"https:\/\/www.madulain.ch\/tourismus\/alp-es-cha-dadour\/#primaryimage"},"image":{"@id":"https:\/\/www.madulain.ch\/tourismus\/alp-es-cha-dadour\/#primaryimage"},"thumbnailUrl":"https:\/\/www.madulain.ch\/wp-content\/uploads\/2019\/10\/madulain_alp_es_cha_dadour_6.jpg","datePublished":"2020-07-16T07:35:50+00:00","dateModified":"2026-04-28T17:19:07+00:00","breadcrumb":{"@id":"https:\/\/www.madulain.ch\/tourismus\/alp-es-cha-dadour\/#breadcrumb"},"inLanguage":"it-IT","potentialAction":[{"@type":"ReadAction","target":["https:\/\/www.madulain.ch\/tourismus\/alp-es-cha-dadour\/"]}]},{"@type":"ImageObject","inLanguage":"it-IT","@id":"https:\/\/www.madulain.ch\/tourismus\/alp-es-cha-dadour\/#primaryimage","url":"https:\/\/www.madulain.ch\/wp-content\/uploads\/2019\/10\/madulain_alp_es_cha_dadour_6.jpg","contentUrl":"https:\/\/www.madulain.ch\/wp-content\/uploads\/2019\/10\/madulain_alp_es_cha_dadour_6.jpg","width":1920,"height":1080},{"@type":"BreadcrumbList","@id":"https:\/\/www.madulain.ch\/tourismus\/alp-es-cha-dadour\/#breadcrumb","itemListElement":[{"@type":"ListItem","position":1,"name":"Madulain","item":"https:\/\/www.madulain.ch\/"},{"@type":"ListItem","position":2,"name":"Der Ferienort","item":"https:\/\/www.madulain.ch\/tourismus\/"},{"@type":"ListItem","position":3,"name":"Alp Es-cha Dadour"}]},{"@type":"WebSite","@id":"https:\/\/www.madulain.ch\/#website","url":"https:\/\/www.madulain.ch\/","name":"Comune di Madulain","description":"Regione di Maloja, Engadina - St. Moritz","publisher":{"@id":"https:\/\/www.madulain.ch\/#organization"},"potentialAction":[{"@type":"SearchAction","target":{"@type":"EntryPoint","urlTemplate":"https:\/\/www.madulain.ch\/?s={search_term_string}"},"query-input":{"@type":"PropertyValueSpecification","valueRequired":true,"valueName":"search_term_string"}}],"inLanguage":"it-IT"},{"@type":"Organization","@id":"https:\/\/www.madulain.ch\/#organization","name":"Comune di Madulain","url":"https:\/\/www.madulain.ch\/","logo":{"@type":"ImageObject","inLanguage":"it-IT","@id":"https:\/\/www.madulain.ch\/#\/schema\/logo\/image\/","url":"https:\/\/www.madulain.ch\/wp-content\/uploads\/2019\/08\/madulain_logo_black.png","contentUrl":"https:\/\/www.madulain.ch\/wp-content\/uploads\/2019\/08\/madulain_logo_black.png","width":500,"height":129,"caption":"Gemeinde Madulain"},"image":{"@id":"https:\/\/www.madulain.ch\/#\/schema\/logo\/image\/"}}]}},"_links":{"self":[{"href":"https:\/\/www.madulain.ch\/it\/wp-json\/wp\/v2\/pages\/3880","targetHints":{"allow":["GET"]}}],"collection":[{"href":"https:\/\/www.madulain.ch\/it\/wp-json\/wp\/v2\/pages"}],"about":[{"href":"https:\/\/www.madulain.ch\/it\/wp-json\/wp\/v2\/types\/page"}],"author":[{"embeddable":true,"href":"https:\/\/www.madulain.ch\/it\/wp-json\/wp\/v2\/users\/2"}],"replies":[{"embeddable":true,"href":"https:\/\/www.madulain.ch\/it\/wp-json\/wp\/v2\/comments?post=3880"}],"version-history":[{"count":3,"href":"https:\/\/www.madulain.ch\/it\/wp-json\/wp\/v2\/pages\/3880\/revisions"}],"predecessor-version":[{"id":11399,"href":"https:\/\/www.madulain.ch\/it\/wp-json\/wp\/v2\/pages\/3880\/revisions\/11399"}],"up":[{"embeddable":true,"href":"https:\/\/www.madulain.ch\/it\/wp-json\/wp\/v2\/pages\/939"}],"wp:featuredmedia":[{"embeddable":true,"href":"https:\/\/www.madulain.ch\/it\/wp-json\/wp\/v2\/media\/513"}],"wp:attachment":[{"href":"https:\/\/www.madulain.ch\/it\/wp-json\/wp\/v2\/media?parent=3880"}],"curies":[{"name":"wp","href":"https:\/\/api.w.org\/{rel}","templated":true}]}}