{"id":855,"date":"2019-10-04T09:44:04","date_gmt":"2019-10-04T08:44:04","guid":{"rendered":"https:\/\/www.madulain.ch\/?page_id=855"},"modified":"2023-07-19T17:04:05","modified_gmt":"2023-07-19T15:04:05","slug":"geografia-clima","status":"publish","type":"page","link":"https:\/\/www.madulain.ch\/it\/leben-in-madulain\/geografie-klima\/","title":{"rendered":"Geografia e clima"},"content":{"rendered":"\t\t<div data-elementor-type=\"wp-post\" data-elementor-id=\"855\" class=\"elementor elementor-855\" data-elementor-post-type=\"page\">\n\t\t\t\t\t\t<section class=\"elementor-section elementor-top-section elementor-element elementor-element-6grt5ba elementor-section-stretched elementor-section-height-min-height elementor-section-boxed elementor-section-height-default elementor-section-items-middle\" data-id=\"6grt5ba\" data-element_type=\"section\" data-e-type=\"section\" data-settings=\"{&quot;stretch_section&quot;:&quot;section-stretched&quot;,&quot;background_background&quot;:&quot;classic&quot;}\">\n\t\t\t\t\t\t\t<div class=\"elementor-background-overlay\"><\/div>\n\t\t\t\t\t\t\t<div class=\"elementor-container elementor-column-gap-default\">\n\t\t\t\t\t<div class=\"elementor-column elementor-col-100 elementor-top-column elementor-element elementor-element-66322b1\" data-id=\"66322b1\" data-element_type=\"column\" data-e-type=\"column\">\n\t\t\t<div class=\"elementor-widget-wrap\">\n\t\t\t\t\t\t\t<\/div>\n\t\t<\/div>\n\t\t\t\t\t<\/div>\n\t\t<\/section>\n\t\t\t\t<section class=\"elementor-section elementor-top-section elementor-element elementor-element-1ca599fa elementor-section-boxed elementor-section-height-default elementor-section-height-default\" data-id=\"1ca599fa\" data-element_type=\"section\" data-e-type=\"section\">\n\t\t\t\t\t\t<div class=\"elementor-container elementor-column-gap-default\">\n\t\t\t\t\t<div class=\"elementor-column elementor-col-100 elementor-top-column elementor-element elementor-element-290d5c94\" data-id=\"290d5c94\" data-element_type=\"column\" data-e-type=\"column\">\n\t\t\t<div class=\"elementor-widget-wrap elementor-element-populated\">\n\t\t\t\t\t\t<div class=\"elementor-element elementor-element-6896c128 elementor-widget elementor-widget-shortcode\" data-id=\"6896c128\" data-element_type=\"widget\" data-e-type=\"widget\" data-widget_type=\"shortcode.default\">\n\t\t\t\t<div class=\"elementor-widget-container\">\n\t\t\t\t\t\t\t<div class=\"elementor-shortcode\">\t\t<div data-elementor-type=\"section\" data-elementor-id=\"774\" class=\"elementor elementor-774\" data-elementor-post-type=\"elementor_library\">\n\t\t\t\t\t<section class=\"elementor-section elementor-top-section elementor-element elementor-element-8cd0bbb elementor-section-stretched elementor-section-boxed elementor-section-height-default elementor-section-height-default\" data-id=\"8cd0bbb\" data-element_type=\"section\" data-e-type=\"section\" data-settings=\"{&quot;stretch_section&quot;:&quot;section-stretched&quot;,&quot;background_background&quot;:&quot;classic&quot;}\">\n\t\t\t\t\t\t<div class=\"elementor-container elementor-column-gap-default\">\n\t\t\t\t\t<div class=\"elementor-column elementor-col-100 elementor-top-column elementor-element elementor-element-7b558fd\" data-id=\"7b558fd\" data-element_type=\"column\" data-e-type=\"column\">\n\t\t\t<div class=\"elementor-widget-wrap elementor-element-populated\">\n\t\t\t\t\t\t<div class=\"elementor-element elementor-element-a6deeaa elementor-widget elementor-widget-breadcrumbs\" data-id=\"a6deeaa\" data-element_type=\"widget\" data-e-type=\"widget\" data-widget_type=\"breadcrumbs.default\">\n\t\t\t\t<div class=\"elementor-widget-container\">\n\t\t\t\t\t<p id=\"breadcrumbs\"><span><span><a href=\"https:\/\/www.madulain.ch\/\">Madulain<\/a><\/span><\/span><\/p>\t\t\t\t<\/div>\n\t\t\t\t<\/div>\n\t\t\t\t\t<\/div>\n\t\t<\/div>\n\t\t\t\t\t<\/div>\n\t\t<\/section>\n\t\t\t\t<\/div>\n\t\t<\/div>\n\t\t\t\t\t\t<\/div>\n\t\t\t\t<\/div>\n\t\t\t\t\t<\/div>\n\t\t<\/div>\n\t\t\t\t\t<\/div>\n\t\t<\/section>\n\t\t\t\t<section class=\"elementor-section elementor-top-section elementor-element elementor-element-8c81f1d elementor-section-content-middle elementor-reverse-mobile elementor-reverse-tablet elementor-section-boxed elementor-section-height-default elementor-section-height-default\" data-id=\"8c81f1d\" data-element_type=\"section\" data-e-type=\"section\">\n\t\t\t\t\t\t<div class=\"elementor-container elementor-column-gap-no\">\n\t\t\t\t\t<div class=\"elementor-column elementor-col-50 elementor-top-column elementor-element elementor-element-36bdbf5\" data-id=\"36bdbf5\" data-element_type=\"column\" data-e-type=\"column\">\n\t\t\t<div class=\"elementor-widget-wrap elementor-element-populated\">\n\t\t\t\t\t\t<div class=\"elementor-element elementor-element-1d52034 elementor-widget elementor-widget-image\" data-id=\"1d52034\" data-element_type=\"widget\" data-e-type=\"widget\" data-widget_type=\"image.default\">\n\t\t\t\t<div class=\"elementor-widget-container\">\n\t\t\t\t\t\t\t\t\t\t\t\t\t\t\t<img decoding=\"async\" src=\"https:\/\/www.madulain.ch\/wp-content\/uploads\/elementor\/thumbs\/madulain_alp_es_cha_dadour_4-oeoce0eboed6ioxtwwlm4f2hydrtc6du4lgzempum8.jpg\" title=\"madulain_alp_es_cha_dadour_4\" alt=\"madulain_alp_es_cha_dadour_4\" loading=\"lazy\" \/>\t\t\t\t\t\t\t\t\t\t\t\t\t\t\t<\/div>\n\t\t\t\t<\/div>\n\t\t\t\t\t<\/div>\n\t\t<\/div>\n\t\t\t\t<div class=\"elementor-column elementor-col-50 elementor-top-column elementor-element elementor-element-e509599\" data-id=\"e509599\" data-element_type=\"column\" data-e-type=\"column\">\n\t\t\t<div class=\"elementor-widget-wrap elementor-element-populated\">\n\t\t\t\t\t\t<div class=\"elementor-element elementor-element-ae5b5ca elementor-widget elementor-widget-heading\" data-id=\"ae5b5ca\" data-element_type=\"widget\" data-e-type=\"widget\" data-widget_type=\"heading.default\">\n\t\t\t\t<div class=\"elementor-widget-container\">\n\t\t\t\t\t<h1 class=\"elementor-heading-title elementor-size-default\">Geografie &amp; Klima<\/h1>\t\t\t\t<\/div>\n\t\t\t\t<\/div>\n\t\t\t\t<div class=\"elementor-element elementor-element-b9102de elementor-widget elementor-widget-text-editor\" data-id=\"b9102de\" data-element_type=\"widget\" data-e-type=\"widget\" data-widget_type=\"text-editor.default\">\n\t\t\t\t<div class=\"elementor-widget-container\">\n\t\t\t\t\t\t\t\t\t<p>Madulain ist wie das restliche Oberengadin mit durchschnittlich \u00fcber 300 Sonnentagen gesegnet.<br \/><br \/>Die mittlere Temperatur liegt hier h\u00f6her als es seiner Lage entsprechen w\u00fcrde, die W\u00e4lder steigen einige hundert Meter weiter nach oben als in anderen Hochgebirgs-T\u00e4lern gleicher Breite und die unterste Grenze des ewigen Schnees liegt viel h\u00f6her.<\/p>\t\t\t\t\t\t\t\t<\/div>\n\t\t\t\t<\/div>\n\t\t\t\t<div class=\"elementor-element elementor-element-9fcdaae elementor-widget elementor-widget-text-editor\" data-id=\"9fcdaae\" data-element_type=\"widget\" data-e-type=\"widget\" data-widget_type=\"text-editor.default\">\n\t\t\t\t<div class=\"elementor-widget-container\">\n\t\t\t\t\t\t\t\t\t<p><b>Besonderheiten des Klimas<\/b><br \/>Die Lage am S\u00fcdhang der Alpen l\u00e4sst das Oberengadin im Sommer am warmen Klima Italiens teilhaben. Das weite, nach S\u00fcdwesten der Sonne breit ge\u00f6ffnete Tal erm\u00f6glicht bei der Reinheit der Atmosph\u00e4re eine intensive Bestrahlung und Erw\u00e4rmung. Ohne aber im Sommer eine dr\u00fcckende Hitze aufkommen zu lassen, weht doch bei sch\u00f6nem Wetter von S\u00fcdwesten her st\u00e4ndig der erfrischende Malojawind.<\/p>\t\t\t\t\t\t\t\t<\/div>\n\t\t\t\t<\/div>\n\t\t\t\t\t<\/div>\n\t\t<\/div>\n\t\t\t\t\t<\/div>\n\t\t<\/section>\n\t\t\t\t<section class=\"elementor-section elementor-top-section elementor-element elementor-element-af9db31 elementor-section-content-middle elementor-reverse-mobile elementor-section-boxed elementor-section-height-default elementor-section-height-default\" data-id=\"af9db31\" data-element_type=\"section\" data-e-type=\"section\">\n\t\t\t\t\t\t<div class=\"elementor-container elementor-column-gap-no\">\n\t\t\t\t\t<div class=\"elementor-column elementor-col-50 elementor-top-column elementor-element elementor-element-98356d0\" data-id=\"98356d0\" data-element_type=\"column\" data-e-type=\"column\">\n\t\t\t<div class=\"elementor-widget-wrap elementor-element-populated\">\n\t\t\t\t\t\t<div class=\"elementor-element elementor-element-4254485 elementor-widget elementor-widget-text-editor\" data-id=\"4254485\" data-element_type=\"widget\" data-e-type=\"widget\" data-widget_type=\"text-editor.default\">\n\t\t\t\t<div class=\"elementor-widget-container\">\n\t\t\t\t\t\t\t\t\t<p>Mit einigen Beispielen kann die Besonderheit des Klimas besser charakterisiert werden als mit langen Tabellen. Fr\u00fcher wurde hier sogar Getreide bis auf 1&#8217;950 m \u00fc. M. angepflanzt, w\u00e4hrend es z.B. im Nordtirol nicht \u00fcber 1&#8217;200 Meter H\u00f6he gedeiht. All die Klimafaktoren, die H\u00f6he auf knapp 1&#8217;800 m \u00fc. M., die d\u00fcnne, allergenarme, st\u00e4ndig bewegte Luft und die starke Sonnenbestrahlung, aber auch die Sch\u00f6nheit der Landschaft bleiben nicht ohne Wirkung auf den menschlichen Organismus. Sie bilden starke Reizfaktoren und f\u00fchren zu einer Stimulation aller K\u00f6rperfunktionen, insbesondere zur Anregung der Atmung, des Kreislaufes und der Blutbildung und zu einer allgemeinen Umstimmung des Vegetativums.<br \/><br \/>Das Oberengadin liegt gem\u00e4ss der Einteilung der Schweizerischen Klima-Kurorte in einer Region mit einem intensiven Reizklima. Das Hochgebirgsklima hat auf verschiedene Krankheiten direkt einen g\u00fcnstigen Einfluss.<\/p>\t\t\t\t\t\t\t\t<\/div>\n\t\t\t\t<\/div>\n\t\t\t\t\t<\/div>\n\t\t<\/div>\n\t\t\t\t<div class=\"elementor-column elementor-col-50 elementor-top-column elementor-element elementor-element-c859714\" data-id=\"c859714\" data-element_type=\"column\" data-e-type=\"column\">\n\t\t\t<div class=\"elementor-widget-wrap elementor-element-populated\">\n\t\t\t\t\t\t<div class=\"elementor-element elementor-element-4e22e03 elementor-widget elementor-widget-image\" data-id=\"4e22e03\" data-element_type=\"widget\" data-e-type=\"widget\" data-widget_type=\"image.default\">\n\t\t\t\t<div class=\"elementor-widget-container\">\n\t\t\t\t\t\t\t\t\t\t\t\t\t\t\t<img decoding=\"async\" src=\"https:\/\/www.madulain.ch\/wp-content\/uploads\/elementor\/thumbs\/madulain_drone_dorf_10-oeoclz33kv8s6vcywqi4y8z2k4ugn116zs7bql4bc4.jpg\" title=\"madulain_drone_dorf_10\" alt=\"madulain_drone_dorf_10\" loading=\"lazy\" \/>\t\t\t\t\t\t\t\t\t\t\t\t\t\t\t<\/div>\n\t\t\t\t<\/div>\n\t\t\t\t\t<\/div>\n\t\t<\/div>\n\t\t\t\t\t<\/div>\n\t\t<\/section>\n\t\t\t\t<section class=\"elementor-section elementor-top-section elementor-element elementor-element-3ad99ef elementor-section-content-middle elementor-section-boxed elementor-section-height-default elementor-section-height-default\" data-id=\"3ad99ef\" data-element_type=\"section\" data-e-type=\"section\">\n\t\t\t\t\t\t<div class=\"elementor-container elementor-column-gap-no\">\n\t\t\t\t\t<div class=\"elementor-column elementor-col-100 elementor-top-column elementor-element elementor-element-15d82fe\" data-id=\"15d82fe\" data-element_type=\"column\" data-e-type=\"column\">\n\t\t\t<div class=\"elementor-widget-wrap elementor-element-populated\">\n\t\t\t\t\t\t<section class=\"elementor-section elementor-inner-section elementor-element elementor-element-75505eb elementor-section-boxed elementor-section-height-default elementor-section-height-default\" data-id=\"75505eb\" data-element_type=\"section\" data-e-type=\"section\">\n\t\t\t\t\t\t<div class=\"elementor-container elementor-column-gap-default\">\n\t\t\t\t\t<div class=\"elementor-column elementor-col-33 elementor-inner-column elementor-element elementor-element-072ae0c\" data-id=\"072ae0c\" data-element_type=\"column\" data-e-type=\"column\">\n\t\t\t<div class=\"elementor-widget-wrap elementor-element-populated\">\n\t\t\t\t\t\t<div class=\"elementor-element elementor-element-c6ff136 elementor-widget elementor-widget-spacer\" data-id=\"c6ff136\" data-element_type=\"widget\" data-e-type=\"widget\" data-widget_type=\"spacer.default\">\n\t\t\t\t<div class=\"elementor-widget-container\">\n\t\t\t\t\t\t\t<div class=\"elementor-spacer\">\n\t\t\t<div class=\"elementor-spacer-inner\"><\/div>\n\t\t<\/div>\n\t\t\t\t\t\t<\/div>\n\t\t\t\t<\/div>\n\t\t\t\t<div class=\"elementor-element elementor-element-6dbcfa1 elementor-view-default elementor-widget elementor-widget-icon\" data-id=\"6dbcfa1\" data-element_type=\"widget\" data-e-type=\"widget\" data-widget_type=\"icon.default\">\n\t\t\t\t<div class=\"elementor-widget-container\">\n\t\t\t\t\t\t\t<div class=\"elementor-icon-wrapper\">\n\t\t\t<div class=\"elementor-icon\">\n\t\t\t<i aria-hidden=\"true\" class=\"fas fa-sun\"><\/i>\t\t\t<\/div>\n\t\t<\/div>\n\t\t\t\t\t\t<\/div>\n\t\t\t\t<\/div>\n\t\t\t\t<div class=\"elementor-element elementor-element-6178abf elementor-widget elementor-widget-text-editor\" data-id=\"6178abf\" data-element_type=\"widget\" data-e-type=\"widget\" data-widget_type=\"text-editor.default\">\n\t\t\t\t<div class=\"elementor-widget-container\">\n\t\t\t\t\t\t\t\t\t<h6>Sonne<\/h6>\t\t\t\t\t\t\t\t<\/div>\n\t\t\t\t<\/div>\n\t\t\t\t<div class=\"elementor-element elementor-element-f2c202b elementor-widget elementor-widget-text-editor\" data-id=\"f2c202b\" data-element_type=\"widget\" data-e-type=\"widget\" data-widget_type=\"text-editor.default\">\n\t\t\t\t<div class=\"elementor-widget-container\">\n\t\t\t\t\t\t\t\t\tMadulain ist wie das restliche Oberengadin mit durchschnittlich \u00fcber 300 Sonnentagen gesegnet.\t\t\t\t\t\t\t\t<\/div>\n\t\t\t\t<\/div>\n\t\t\t\t<div class=\"elementor-element elementor-element-ca3be17 elementor-widget elementor-widget-spacer\" data-id=\"ca3be17\" data-element_type=\"widget\" data-e-type=\"widget\" data-widget_type=\"spacer.default\">\n\t\t\t\t<div class=\"elementor-widget-container\">\n\t\t\t\t\t\t\t<div class=\"elementor-spacer\">\n\t\t\t<div class=\"elementor-spacer-inner\"><\/div>\n\t\t<\/div>\n\t\t\t\t\t\t<\/div>\n\t\t\t\t<\/div>\n\t\t\t\t\t<\/div>\n\t\t<\/div>\n\t\t\t\t<div class=\"elementor-column elementor-col-33 elementor-inner-column elementor-element elementor-element-526a763\" data-id=\"526a763\" data-element_type=\"column\" data-e-type=\"column\">\n\t\t\t<div class=\"elementor-widget-wrap elementor-element-populated\">\n\t\t\t\t\t\t<div class=\"elementor-element elementor-element-9311a21 elementor-widget elementor-widget-spacer\" data-id=\"9311a21\" data-element_type=\"widget\" data-e-type=\"widget\" data-widget_type=\"spacer.default\">\n\t\t\t\t<div class=\"elementor-widget-container\">\n\t\t\t\t\t\t\t<div class=\"elementor-spacer\">\n\t\t\t<div class=\"elementor-spacer-inner\"><\/div>\n\t\t<\/div>\n\t\t\t\t\t\t<\/div>\n\t\t\t\t<\/div>\n\t\t\t\t<div class=\"elementor-element elementor-element-1ede21b elementor-view-default elementor-widget elementor-widget-icon\" data-id=\"1ede21b\" data-element_type=\"widget\" data-e-type=\"widget\" data-widget_type=\"icon.default\">\n\t\t\t\t<div class=\"elementor-widget-container\">\n\t\t\t\t\t\t\t<div class=\"elementor-icon-wrapper\">\n\t\t\t<div class=\"elementor-icon\">\n\t\t\t<i aria-hidden=\"true\" class=\"fas fa-cloud-showers-heavy\"><\/i>\t\t\t<\/div>\n\t\t<\/div>\n\t\t\t\t\t\t<\/div>\n\t\t\t\t<\/div>\n\t\t\t\t<div class=\"elementor-element elementor-element-76e2f3c elementor-widget elementor-widget-text-editor\" data-id=\"76e2f3c\" data-element_type=\"widget\" data-e-type=\"widget\" data-widget_type=\"text-editor.default\">\n\t\t\t\t<div class=\"elementor-widget-container\">\n\t\t\t\t\t\t\t\t\t<h6>Feuchtigkeit<\/h6>\t\t\t\t\t\t\t\t<\/div>\n\t\t\t\t<\/div>\n\t\t\t\t<div class=\"elementor-element elementor-element-3168303 elementor-widget elementor-widget-text-editor\" data-id=\"3168303\" data-element_type=\"widget\" data-e-type=\"widget\" data-widget_type=\"text-editor.default\">\n\t\t\t\t<div class=\"elementor-widget-container\">\n\t\t\t\t\t\t\t\t\tDas trockene Klima &#8211; im Februar durchschnittlich 57% Luftfeuchtigkeit &#8211; nicht k\u00e4lter als ca. &#8211; 6 Grad in Regionen mit h\u00f6herer Luftfeuchtigkeit empfunden.\t\t\t\t\t\t\t\t<\/div>\n\t\t\t\t<\/div>\n\t\t\t\t\t<\/div>\n\t\t<\/div>\n\t\t\t\t<div class=\"elementor-column elementor-col-33 elementor-inner-column elementor-element elementor-element-34ca8cb\" data-id=\"34ca8cb\" data-element_type=\"column\" data-e-type=\"column\">\n\t\t\t<div class=\"elementor-widget-wrap elementor-element-populated\">\n\t\t\t\t\t\t<div class=\"elementor-element elementor-element-55d9cf9 elementor-widget elementor-widget-spacer\" data-id=\"55d9cf9\" data-element_type=\"widget\" data-e-type=\"widget\" data-widget_type=\"spacer.default\">\n\t\t\t\t<div class=\"elementor-widget-container\">\n\t\t\t\t\t\t\t<div class=\"elementor-spacer\">\n\t\t\t<div class=\"elementor-spacer-inner\"><\/div>\n\t\t<\/div>\n\t\t\t\t\t\t<\/div>\n\t\t\t\t<\/div>\n\t\t\t\t<div class=\"elementor-element elementor-element-19a1dbb elementor-view-default elementor-widget elementor-widget-icon\" data-id=\"19a1dbb\" data-element_type=\"widget\" data-e-type=\"widget\" data-widget_type=\"icon.default\">\n\t\t\t\t<div class=\"elementor-widget-container\">\n\t\t\t\t\t\t\t<div class=\"elementor-icon-wrapper\">\n\t\t\t<div class=\"elementor-icon\">\n\t\t\t<i aria-hidden=\"true\" class=\"fas fa-temperature-low\"><\/i>\t\t\t<\/div>\n\t\t<\/div>\n\t\t\t\t\t\t<\/div>\n\t\t\t\t<\/div>\n\t\t\t\t<div class=\"elementor-element elementor-element-b2dfce3 elementor-widget elementor-widget-text-editor\" data-id=\"b2dfce3\" data-element_type=\"widget\" data-e-type=\"widget\" data-widget_type=\"text-editor.default\">\n\t\t\t\t<div class=\"elementor-widget-container\">\n\t\t\t\t\t\t\t\t\t<h6>Temperatur<\/h6>\t\t\t\t\t\t\t\t<\/div>\n\t\t\t\t<\/div>\n\t\t\t\t<div class=\"elementor-element elementor-element-747d901 elementor-widget elementor-widget-text-editor\" data-id=\"747d901\" data-element_type=\"widget\" data-e-type=\"widget\" data-widget_type=\"text-editor.default\">\n\t\t\t\t<div class=\"elementor-widget-container\">\n\t\t\t\t\t\t\t\t\tDie Winter-Durchschnittstemperatur im Engadin liegt bei ca. &#8211; 9 Grad Celsius. Die Temperaturen k\u00f6nnen nachts leicht unter &#8211; 20 Grad fallen. \t\t\t\t\t\t\t\t<\/div>\n\t\t\t\t<\/div>\n\t\t\t\t<div class=\"elementor-element elementor-element-dc83c7c elementor-widget elementor-widget-spacer\" data-id=\"dc83c7c\" data-element_type=\"widget\" data-e-type=\"widget\" data-widget_type=\"spacer.default\">\n\t\t\t\t<div class=\"elementor-widget-container\">\n\t\t\t\t\t\t\t<div class=\"elementor-spacer\">\n\t\t\t<div class=\"elementor-spacer-inner\"><\/div>\n\t\t<\/div>\n\t\t\t\t\t\t<\/div>\n\t\t\t\t<\/div>\n\t\t\t\t\t<\/div>\n\t\t<\/div>\n\t\t\t\t\t<\/div>\n\t\t<\/section>\n\t\t\t\t\t<\/div>\n\t\t<\/div>\n\t\t\t\t\t<\/div>\n\t\t<\/section>\n\t\t\t\t<section class=\"elementor-section elementor-top-section elementor-element elementor-element-20c1d1c elementor-section-boxed elementor-section-height-default elementor-section-height-default\" data-id=\"20c1d1c\" data-element_type=\"section\" data-e-type=\"section\">\n\t\t\t\t\t\t<div class=\"elementor-container elementor-column-gap-default\">\n\t\t\t\t\t<div class=\"elementor-column elementor-col-100 elementor-top-column elementor-element elementor-element-4629dde\" data-id=\"4629dde\" data-element_type=\"column\" data-e-type=\"column\">\n\t\t\t<div class=\"elementor-widget-wrap elementor-element-populated\">\n\t\t\t\t\t\t<div class=\"elementor-element elementor-element-c1bd974 elementor-widget elementor-widget-spacer\" data-id=\"c1bd974\" data-element_type=\"widget\" data-e-type=\"widget\" data-widget_type=\"spacer.default\">\n\t\t\t\t<div class=\"elementor-widget-container\">\n\t\t\t\t\t\t\t<div class=\"elementor-spacer\">\n\t\t\t<div class=\"elementor-spacer-inner\"><\/div>\n\t\t<\/div>\n\t\t\t\t\t\t<\/div>\n\t\t\t\t<\/div>\n\t\t\t\t\t<\/div>\n\t\t<\/div>\n\t\t\t\t\t<\/div>\n\t\t<\/section>\n\t\t\t\t<section class=\"elementor-section elementor-top-section elementor-element elementor-element-4b057bb elementor-section-full_width elementor-section-height-default elementor-section-height-default\" data-id=\"4b057bb\" data-element_type=\"section\" data-e-type=\"section\">\n\t\t\t\t\t\t<div class=\"elementor-container elementor-column-gap-no\">\n\t\t\t\t\t<div class=\"elementor-column elementor-col-100 elementor-top-column elementor-element elementor-element-39141cf\" data-id=\"39141cf\" data-element_type=\"column\" data-e-type=\"column\">\n\t\t\t<div class=\"elementor-widget-wrap elementor-element-populated\">\n\t\t\t\t\t\t<div class=\"elementor-element elementor-element-3cb2fa9 elementor-widget elementor-widget-uael-google-map\" data-id=\"3cb2fa9\" data-element_type=\"widget\" data-e-type=\"widget\" data-settings=\"{&quot;advance_marker&quot;:&quot;no&quot;,&quot;option_streeview&quot;:&quot;yes&quot;,&quot;type_control&quot;:&quot;yes&quot;,&quot;zoom_control&quot;:&quot;yes&quot;,&quot;fullscreen_control&quot;:&quot;yes&quot;}\" data-widget_type=\"uael-google-map.default\">\n\t\t\t\t<div class=\"elementor-widget-container\">\n\t\t\t\t\t\t\t<div class=\"uael-google-map-wrap\">\n\t\t\t<div id=\"uael-google-map-3cb2fa9\" class=\"uael-google-map\" data-map_options=\"{&quot;zoom&quot;:13,&quot;mapTypeId&quot;:&quot;hybrid&quot;,&quot;mapTypeControl&quot;:true,&quot;streetViewControl&quot;:true,&quot;zoomControl&quot;:true,&quot;fullscreenControl&quot;:true,&quot;gestureHandling&quot;:true}\" data-cluster=\"no\" data-cluster-attr=\"[]\" data-max-width=\"250\" data-locations=\"[[&quot;46.585570&quot;,&quot;9.938107&quot;,false,&quot;Chesa Cum\\u00fcnela&quot;,null,&quot;&quot;,&quot;&quot;,&quot;&quot;,&quot;&quot;]]\" data-animate=\"\" data-auto-center=\"center\" data-map-id=\"\" data-advance-marker=\"no\"><\/div>\n\t\t<\/div>\n\t\t\t\t\t\t<\/div>\n\t\t\t\t<\/div>\n\t\t\t\t\t<\/div>\n\t\t<\/div>\n\t\t\t\t\t<\/div>\n\t\t<\/section>\n\t\t\t\t<\/div>\n\t\t","protected":false},"excerpt":{"rendered":"\n<p>\t\t\t\t\tMadulain\t\t\t\t<\/p>\n<p><\/p>\n<p>Geografie &amp; Klima<br \/>\nMadulain ist wie das restliche Oberengadin mit durchschnittlich \u00fcber 300 Sonnentagen gesegnet.<br \/>\nDie mittlere Temperatur liegt hier h\u00f6her [&#8230;]<\/p>\n","protected":false},"author":2,"featured_media":508,"parent":423,"menu_order":6,"comment_status":"closed","ping_status":"closed","template":"","meta":{"_relevanssi_hide_post":"","_relevanssi_hide_content":"","_relevanssi_pin_for_all":"","_relevanssi_pin_keywords":"","_relevanssi_unpin_keywords":"","_relevanssi_related_keywords":"","_relevanssi_related_include_ids":"","_relevanssi_related_exclude_ids":"","_relevanssi_related_no_append":"","_relevanssi_related_not_related":"","_relevanssi_related_posts":"","_relevanssi_noindex_reason":"","site-sidebar-layout":"no-sidebar","site-content-layout":"page-builder","ast-site-content-layout":"default","site-content-style":"default","site-sidebar-style":"default","ast-global-header-display":"","ast-banner-title-visibility":"","ast-main-header-display":"","ast-hfb-above-header-display":"","ast-hfb-below-header-display":"","ast-hfb-mobile-header-display":"","site-post-title":"disabled","ast-breadcrumbs-content":"","ast-featured-img":"disabled","footer-sml-layout":"","ast-disable-related-posts":"","theme-transparent-header-meta":"default","adv-header-id-meta":"","stick-header-meta":"","header-above-stick-meta":"","header-main-stick-meta":"","header-below-stick-meta":"","astra-migrate-meta-layouts":"default","ast-page-background-enabled":"default","ast-page-background-meta":{"desktop":{"background-color":"","background-image":"","background-repeat":"repeat","background-position":"center center","background-size":"auto","background-attachment":"scroll","background-type":"","background-media":"","overlay-type":"","overlay-color":"","overlay-opacity":"","overlay-gradient":""},"tablet":{"background-color":"","background-image":"","background-repeat":"repeat","background-position":"center center","background-size":"auto","background-attachment":"scroll","background-type":"","background-media":"","overlay-type":"","overlay-color":"","overlay-opacity":"","overlay-gradient":""},"mobile":{"background-color":"","background-image":"","background-repeat":"repeat","background-position":"center center","background-size":"auto","background-attachment":"scroll","background-type":"","background-media":"","overlay-type":"","overlay-color":"","overlay-opacity":"","overlay-gradient":""}},"ast-content-background-meta":{"desktop":{"background-color":"var(--ast-global-color-5)","background-image":"","background-repeat":"repeat","background-position":"center center","background-size":"auto","background-attachment":"scroll","background-type":"","background-media":"","overlay-type":"","overlay-color":"","overlay-opacity":"","overlay-gradient":""},"tablet":{"background-color":"var(--ast-global-color-5)","background-image":"","background-repeat":"repeat","background-position":"center center","background-size":"auto","background-attachment":"scroll","background-type":"","background-media":"","overlay-type":"","overlay-color":"","overlay-opacity":"","overlay-gradient":""},"mobile":{"background-color":"var(--ast-global-color-5)","background-image":"","background-repeat":"repeat","background-position":"center center","background-size":"auto","background-attachment":"scroll","background-type":"","background-media":"","overlay-type":"","overlay-color":"","overlay-opacity":"","overlay-gradient":""}},"footnotes":""},"class_list":["post-855","page","type-page","status-publish","has-post-thumbnail","hentry"],"yoast_head":"<!-- This site is optimized with the Yoast SEO plugin v27.4 - https:\/\/yoast.com\/product\/yoast-seo-wordpress\/ -->\n<title>Geografie &amp; Klima - Gemeinde Madulain<\/title>\n<meta name=\"robots\" content=\"index, follow, max-snippet:-1, max-image-preview:large, max-video-preview:-1\" \/>\n<link rel=\"canonical\" href=\"https:\/\/www.madulain.ch\/it\/la-vita-a-madulain\/geografia-clima\/\" \/>\n<meta property=\"og:locale\" content=\"it_IT\" \/>\n<meta property=\"og:type\" content=\"article\" \/>\n<meta property=\"og:title\" content=\"Geografie &amp; Klima - Gemeinde Madulain\" \/>\n<meta property=\"og:description\" content=\"Madulain                                Geografie &amp; Klima Madulain ist wie das restliche Oberengadin mit durchschnittlich \u00fcber 300 Sonnentagen gesegnet. Die mittlere Temperatur liegt hier h\u00f6her [...]\" \/>\n<meta property=\"og:url\" content=\"https:\/\/www.madulain.ch\/it\/la-vita-a-madulain\/geografia-clima\/\" \/>\n<meta property=\"og:site_name\" content=\"Gemeinde Madulain\" \/>\n<meta property=\"article:modified_time\" content=\"2023-07-19T15:04:05+00:00\" \/>\n<meta property=\"og:image\" content=\"https:\/\/www.madulain.ch\/wp-content\/uploads\/2019\/10\/madulain_alp_es_cha_dadour_1.jpg\" \/>\n\t<meta property=\"og:image:width\" content=\"1920\" \/>\n\t<meta property=\"og:image:height\" content=\"1080\" \/>\n\t<meta property=\"og:image:type\" content=\"image\/jpeg\" \/>\n<meta name=\"twitter:card\" content=\"summary_large_image\" \/>\n<meta name=\"twitter:label1\" content=\"Tempo di lettura stimato\" \/>\n\t<meta name=\"twitter:data1\" content=\"3 minuti\" \/>\n<script type=\"application\/ld+json\" class=\"yoast-schema-graph\">{\"@context\":\"https:\\\/\\\/schema.org\",\"@graph\":[{\"@type\":\"WebPage\",\"@id\":\"https:\\\/\\\/www.madulain.ch\\\/leben-in-madulain\\\/geografie-klima\\\/\",\"url\":\"https:\\\/\\\/www.madulain.ch\\\/leben-in-madulain\\\/geografie-klima\\\/\",\"name\":\"Geografie & Klima - Gemeinde Madulain\",\"isPartOf\":{\"@id\":\"https:\\\/\\\/www.madulain.ch\\\/#website\"},\"primaryImageOfPage\":{\"@id\":\"https:\\\/\\\/www.madulain.ch\\\/leben-in-madulain\\\/geografie-klima\\\/#primaryimage\"},\"image\":{\"@id\":\"https:\\\/\\\/www.madulain.ch\\\/leben-in-madulain\\\/geografie-klima\\\/#primaryimage\"},\"thumbnailUrl\":\"https:\\\/\\\/www.madulain.ch\\\/wp-content\\\/uploads\\\/2019\\\/10\\\/madulain_alp_es_cha_dadour_1.jpg\",\"datePublished\":\"2019-10-04T08:44:04+00:00\",\"dateModified\":\"2023-07-19T15:04:05+00:00\",\"breadcrumb\":{\"@id\":\"https:\\\/\\\/www.madulain.ch\\\/leben-in-madulain\\\/geografie-klima\\\/#breadcrumb\"},\"inLanguage\":\"it-IT\",\"potentialAction\":[{\"@type\":\"ReadAction\",\"target\":[\"https:\\\/\\\/www.madulain.ch\\\/leben-in-madulain\\\/geografie-klima\\\/\"]}]},{\"@type\":\"ImageObject\",\"inLanguage\":\"it-IT\",\"@id\":\"https:\\\/\\\/www.madulain.ch\\\/leben-in-madulain\\\/geografie-klima\\\/#primaryimage\",\"url\":\"https:\\\/\\\/www.madulain.ch\\\/wp-content\\\/uploads\\\/2019\\\/10\\\/madulain_alp_es_cha_dadour_1.jpg\",\"contentUrl\":\"https:\\\/\\\/www.madulain.ch\\\/wp-content\\\/uploads\\\/2019\\\/10\\\/madulain_alp_es_cha_dadour_1.jpg\",\"width\":1920,\"height\":1080},{\"@type\":\"BreadcrumbList\",\"@id\":\"https:\\\/\\\/www.madulain.ch\\\/leben-in-madulain\\\/geografie-klima\\\/#breadcrumb\",\"itemListElement\":[{\"@type\":\"ListItem\",\"position\":1,\"name\":\"Madulain\",\"item\":\"https:\\\/\\\/www.madulain.ch\\\/\"},{\"@type\":\"ListItem\",\"position\":2,\"name\":\"Leben in Madulain\",\"item\":\"https:\\\/\\\/www.madulain.ch\\\/leben-in-madulain\\\/\"},{\"@type\":\"ListItem\",\"position\":3,\"name\":\"Geografie &#038; Klima\"}]},{\"@type\":\"WebSite\",\"@id\":\"https:\\\/\\\/www.madulain.ch\\\/#website\",\"url\":\"https:\\\/\\\/www.madulain.ch\\\/\",\"name\":\"Gemeinde Madulain\",\"description\":\"Region Maloja, Engadin - St. Moritz\",\"publisher\":{\"@id\":\"https:\\\/\\\/www.madulain.ch\\\/#organization\"},\"potentialAction\":[{\"@type\":\"SearchAction\",\"target\":{\"@type\":\"EntryPoint\",\"urlTemplate\":\"https:\\\/\\\/www.madulain.ch\\\/?s={search_term_string}\"},\"query-input\":{\"@type\":\"PropertyValueSpecification\",\"valueRequired\":true,\"valueName\":\"search_term_string\"}}],\"inLanguage\":\"it-IT\"},{\"@type\":\"Organization\",\"@id\":\"https:\\\/\\\/www.madulain.ch\\\/#organization\",\"name\":\"Gemeinde Madulain\",\"url\":\"https:\\\/\\\/www.madulain.ch\\\/\",\"logo\":{\"@type\":\"ImageObject\",\"inLanguage\":\"it-IT\",\"@id\":\"https:\\\/\\\/www.madulain.ch\\\/#\\\/schema\\\/logo\\\/image\\\/\",\"url\":\"https:\\\/\\\/www.madulain.ch\\\/wp-content\\\/uploads\\\/2019\\\/08\\\/madulain_logo_black.png\",\"contentUrl\":\"https:\\\/\\\/www.madulain.ch\\\/wp-content\\\/uploads\\\/2019\\\/08\\\/madulain_logo_black.png\",\"width\":500,\"height\":129,\"caption\":\"Gemeinde Madulain\"},\"image\":{\"@id\":\"https:\\\/\\\/www.madulain.ch\\\/#\\\/schema\\\/logo\\\/image\\\/\"}}]}<\/script>\n<!-- \/ Yoast SEO plugin. -->","yoast_head_json":{"title":"Geografia e clima - Comune di Madulain","robots":{"index":"index","follow":"follow","max-snippet":"max-snippet:-1","max-image-preview":"max-image-preview:large","max-video-preview":"max-video-preview:-1"},"canonical":"https:\/\/www.madulain.ch\/it\/la-vita-a-madulain\/geografia-clima\/","og_locale":"it_IT","og_type":"article","og_title":"Geografie & Klima - Gemeinde Madulain","og_description":"Madulain                                Geografie &amp; Klima Madulain ist wie das restliche Oberengadin mit durchschnittlich \u00fcber 300 Sonnentagen gesegnet. Die mittlere Temperatur liegt hier h\u00f6her [...]","og_url":"https:\/\/www.madulain.ch\/it\/la-vita-a-madulain\/geografia-clima\/","og_site_name":"Gemeinde Madulain","article_modified_time":"2023-07-19T15:04:05+00:00","og_image":[{"width":1920,"height":1080,"url":"https:\/\/www.madulain.ch\/wp-content\/uploads\/2019\/10\/madulain_alp_es_cha_dadour_1.jpg","type":"image\/jpeg"}],"twitter_card":"summary_large_image","twitter_misc":{"Tempo di lettura stimato":"3 minuti"},"schema":{"@context":"https:\/\/schema.org","@graph":[{"@type":"WebPage","@id":"https:\/\/www.madulain.ch\/leben-in-madulain\/geografie-klima\/","url":"https:\/\/www.madulain.ch\/leben-in-madulain\/geografie-klima\/","name":"Geografia e clima - Comune di Madulain","isPartOf":{"@id":"https:\/\/www.madulain.ch\/#website"},"primaryImageOfPage":{"@id":"https:\/\/www.madulain.ch\/leben-in-madulain\/geografie-klima\/#primaryimage"},"image":{"@id":"https:\/\/www.madulain.ch\/leben-in-madulain\/geografie-klima\/#primaryimage"},"thumbnailUrl":"https:\/\/www.madulain.ch\/wp-content\/uploads\/2019\/10\/madulain_alp_es_cha_dadour_1.jpg","datePublished":"2019-10-04T08:44:04+00:00","dateModified":"2023-07-19T15:04:05+00:00","breadcrumb":{"@id":"https:\/\/www.madulain.ch\/leben-in-madulain\/geografie-klima\/#breadcrumb"},"inLanguage":"it-IT","potentialAction":[{"@type":"ReadAction","target":["https:\/\/www.madulain.ch\/leben-in-madulain\/geografie-klima\/"]}]},{"@type":"ImageObject","inLanguage":"it-IT","@id":"https:\/\/www.madulain.ch\/leben-in-madulain\/geografie-klima\/#primaryimage","url":"https:\/\/www.madulain.ch\/wp-content\/uploads\/2019\/10\/madulain_alp_es_cha_dadour_1.jpg","contentUrl":"https:\/\/www.madulain.ch\/wp-content\/uploads\/2019\/10\/madulain_alp_es_cha_dadour_1.jpg","width":1920,"height":1080},{"@type":"BreadcrumbList","@id":"https:\/\/www.madulain.ch\/leben-in-madulain\/geografie-klima\/#breadcrumb","itemListElement":[{"@type":"ListItem","position":1,"name":"Madulain","item":"https:\/\/www.madulain.ch\/"},{"@type":"ListItem","position":2,"name":"Leben in Madulain","item":"https:\/\/www.madulain.ch\/leben-in-madulain\/"},{"@type":"ListItem","position":3,"name":"Geografie &#038; Klima"}]},{"@type":"WebSite","@id":"https:\/\/www.madulain.ch\/#website","url":"https:\/\/www.madulain.ch\/","name":"Comune di Madulain","description":"Regione di Maloja, Engadina - St. Moritz","publisher":{"@id":"https:\/\/www.madulain.ch\/#organization"},"potentialAction":[{"@type":"SearchAction","target":{"@type":"EntryPoint","urlTemplate":"https:\/\/www.madulain.ch\/?s={search_term_string}"},"query-input":{"@type":"PropertyValueSpecification","valueRequired":true,"valueName":"search_term_string"}}],"inLanguage":"it-IT"},{"@type":"Organization","@id":"https:\/\/www.madulain.ch\/#organization","name":"Comune di Madulain","url":"https:\/\/www.madulain.ch\/","logo":{"@type":"ImageObject","inLanguage":"it-IT","@id":"https:\/\/www.madulain.ch\/#\/schema\/logo\/image\/","url":"https:\/\/www.madulain.ch\/wp-content\/uploads\/2019\/08\/madulain_logo_black.png","contentUrl":"https:\/\/www.madulain.ch\/wp-content\/uploads\/2019\/08\/madulain_logo_black.png","width":500,"height":129,"caption":"Gemeinde Madulain"},"image":{"@id":"https:\/\/www.madulain.ch\/#\/schema\/logo\/image\/"}}]}},"_links":{"self":[{"href":"https:\/\/www.madulain.ch\/it\/wp-json\/wp\/v2\/pages\/855","targetHints":{"allow":["GET"]}}],"collection":[{"href":"https:\/\/www.madulain.ch\/it\/wp-json\/wp\/v2\/pages"}],"about":[{"href":"https:\/\/www.madulain.ch\/it\/wp-json\/wp\/v2\/types\/page"}],"author":[{"embeddable":true,"href":"https:\/\/www.madulain.ch\/it\/wp-json\/wp\/v2\/users\/2"}],"replies":[{"embeddable":true,"href":"https:\/\/www.madulain.ch\/it\/wp-json\/wp\/v2\/comments?post=855"}],"version-history":[{"count":0,"href":"https:\/\/www.madulain.ch\/it\/wp-json\/wp\/v2\/pages\/855\/revisions"}],"up":[{"embeddable":true,"href":"https:\/\/www.madulain.ch\/it\/wp-json\/wp\/v2\/pages\/423"}],"wp:featuredmedia":[{"embeddable":true,"href":"https:\/\/www.madulain.ch\/it\/wp-json\/wp\/v2\/media\/508"}],"wp:attachment":[{"href":"https:\/\/www.madulain.ch\/it\/wp-json\/wp\/v2\/media?parent=855"}],"curies":[{"name":"wp","href":"https:\/\/api.w.org\/{rel}","templated":true}]}}