{"id":9063,"date":"2024-02-21T18:00:27","date_gmt":"2024-02-21T17:00:27","guid":{"rendered":"https:\/\/www.madulain.ch\/?page_id=9063"},"modified":"2025-08-06T17:19:59","modified_gmt":"2025-08-06T15:19:59","slug":"festival-di-guardaval","status":"publish","type":"page","link":"https:\/\/www.madulain.ch\/it\/tourismus\/guardaval-festivals\/","title":{"rendered":"Festival di Guardaval"},"content":{"rendered":"<div data-elementor-type=\"wp-page\" data-elementor-id=\"9063\" class=\"elementor elementor-9063\" data-elementor-post-type=\"page\">\n\t\t\t\t<div class=\"elementor-element elementor-element-bcc8e7e e-flex e-con-boxed e-con e-parent\" data-id=\"bcc8e7e\" data-element_type=\"container\" data-e-type=\"container\" data-settings=\"{&quot;background_background&quot;:&quot;classic&quot;}\">\n\t\t\t\t\t<div class=\"e-con-inner\">\n\t\t<div class=\"elementor-element elementor-element-e1c18a1 e-con-full e-flex e-con e-child\" data-id=\"e1c18a1\" data-element_type=\"container\" data-e-type=\"container\">\n\t\t\t\t<\/div>\n\t\t\t\t\t<\/div>\n\t\t\t\t<\/div>\n\t\t<div class=\"elementor-element elementor-element-c22d413 e-flex e-con-boxed e-con e-parent\" data-id=\"c22d413\" data-element_type=\"container\" data-e-type=\"container\">\n\t\t\t\t\t<div class=\"e-con-inner\">\n\t\t<div class=\"elementor-element elementor-element-0b15965 e-con-full e-flex e-con e-child\" data-id=\"0b15965\" data-element_type=\"container\" data-e-type=\"container\">\n\t\t\t\t<div class=\"elementor-element elementor-element-128cb3b elementor-widget elementor-widget-shortcode\" data-id=\"128cb3b\" data-element_type=\"widget\" data-e-type=\"widget\" data-widget_type=\"shortcode.default\">\n\t\t\t\t<div class=\"elementor-widget-container\">\n\t\t\t\t\t\t\t<div class=\"elementor-shortcode\">\t\t<div data-elementor-type=\"section\" data-elementor-id=\"774\" class=\"elementor elementor-774\" data-elementor-post-type=\"elementor_library\">\n\t\t\t\t\t<section class=\"elementor-section elementor-top-section elementor-element elementor-element-8cd0bbb elementor-section-stretched elementor-section-boxed elementor-section-height-default elementor-section-height-default\" data-id=\"8cd0bbb\" data-element_type=\"section\" data-e-type=\"section\" data-settings=\"{&quot;stretch_section&quot;:&quot;section-stretched&quot;,&quot;background_background&quot;:&quot;classic&quot;}\">\n\t\t\t\t\t\t<div class=\"elementor-container elementor-column-gap-default\">\n\t\t\t\t\t<div class=\"elementor-column elementor-col-100 elementor-top-column elementor-element elementor-element-7b558fd\" data-id=\"7b558fd\" data-element_type=\"column\" data-e-type=\"column\">\n\t\t\t<div class=\"elementor-widget-wrap elementor-element-populated\">\n\t\t\t\t\t\t<div class=\"elementor-element elementor-element-a6deeaa elementor-widget elementor-widget-breadcrumbs\" data-id=\"a6deeaa\" data-element_type=\"widget\" data-e-type=\"widget\" data-widget_type=\"breadcrumbs.default\">\n\t\t\t\t<div class=\"elementor-widget-container\">\n\t\t\t\t\t<p id=\"breadcrumbs\"><span><span><a href=\"https:\/\/www.madulain.ch\/\">Madulain.<\/a><\/span><\/span><\/p>\t\t\t\t<\/div>\n\t\t\t\t<\/div>\n\t\t\t\t\t<\/div>\n\t\t<\/div>\n\t\t\t\t\t<\/div>\n\t\t<\/section>\n\t\t\t\t<\/div>\n\t\t<\/div>\n\t\t\t\t\t\t<\/div>\n\t\t\t\t<\/div>\n\t\t\t\t<\/div>\n\t\t\t\t\t<\/div>\n\t\t\t\t<\/div>\n\t\t<div class=\"elementor-element elementor-element-0905497 e-flex e-con-boxed e-con e-parent\" data-id=\"0905497\" data-element_type=\"container\" data-e-type=\"container\">\n\t\t\t\t\t<div class=\"e-con-inner\">\n\t\t<div class=\"elementor-element elementor-element-dee82f9 e-con-full e-flex e-con e-child\" data-id=\"dee82f9\" data-element_type=\"container\" data-e-type=\"container\" data-settings=\"{&quot;background_background&quot;:&quot;classic&quot;}\">\n\t\t\t\t<\/div>\n\t\t<div class=\"elementor-element elementor-element-68ce1b7 e-con-full e-flex e-con e-child\" data-id=\"68ce1b7\" data-element_type=\"container\" data-e-type=\"container\">\n\t\t\t\t<div class=\"elementor-element elementor-element-ca5de9e elementor-widget elementor-widget-heading\" data-id=\"ca5de9e\" data-element_type=\"widget\" data-e-type=\"widget\" data-widget_type=\"heading.default\">\n\t\t\t\t<div class=\"elementor-widget-container\">\n\t\t\t\t\t<h1 class=\"elementor-heading-title elementor-size-default\">Festival di Guardaval<\/h1>\t\t\t\t<\/div>\n\t\t\t\t<\/div>\n\t\t\t\t<div class=\"elementor-element elementor-element-0d434b7 elementor-widget elementor-widget-text-editor\" data-id=\"0d434b7\" data-element_type=\"widget\" data-e-type=\"widget\" data-widget_type=\"text-editor.default\">\n\t\t\t\t<div class=\"elementor-widget-container\">\n\t\t\t\t\t\t\t\t\t<p><strong>Cultura con visione<\/strong><\/p><p>In alto, sopra Madulain, svettano le rovine del castello di Guardaval, un luogo ricco di storia e dal fascino unico. Oggi, il castello \u00e8 uno straordinario palcoscenico per eventi culturali immersi nella natura engadinese. Un luogo indimenticabile, ricco di storia e ispirazione.<\/p>\t\t\t\t\t\t\t\t<\/div>\n\t\t\t\t<\/div>\n\t\t\t\t<\/div>\n\t\t\t\t\t<\/div>\n\t\t\t\t<\/div>\n\t\t<div class=\"elementor-element elementor-element-d64e131 e-flex e-con-boxed e-con e-parent\" data-id=\"d64e131\" data-element_type=\"container\" data-e-type=\"container\">\n\t\t\t\t\t<div class=\"e-con-inner\">\n\t\t<div class=\"elementor-element elementor-element-a4100cc e-con-full e-flex e-con e-child\" data-id=\"a4100cc\" data-element_type=\"container\" data-e-type=\"container\">\n\t\t\t\t<div class=\"elementor-element elementor-element-1a578f1 elementor-widget elementor-widget-heading\" data-id=\"1a578f1\" data-element_type=\"widget\" data-e-type=\"widget\" data-widget_type=\"heading.default\">\n\t\t\t\t<div class=\"elementor-widget-container\">\n\t\t\t\t\t<h1 class=\"elementor-heading-title elementor-size-default\">Festival del jazz<\/h1>\t\t\t\t<\/div>\n\t\t\t\t<\/div>\n\t\t\t\t<div class=\"elementor-element elementor-element-e5022cb elementor-widget elementor-widget-text-editor\" data-id=\"e5022cb\" data-element_type=\"widget\" data-e-type=\"widget\" data-widget_type=\"text-editor.default\">\n\t\t\t\t<div class=\"elementor-widget-container\">\n\t\t\t\t\t\t\t\t\t<p><strong>Il Festival da Jazz \u2013 Una celebrazione di luoghi unici<\/strong><\/p><p data-start=\"147\" data-end=\"380\">Il <strong data-start=\"214\" data-end=\"234\">Festival del jazz<\/strong> \u00e8 pi\u00f9 di un semplice evento: \u00e8 un viaggio alla scoperta di luoghi straordinari che creano una vicinanza intima con gli artisti.<\/p><p data-start=\"382\" data-end=\"619\">Anche il <strong data-start=\"391\" data-end=\"409\">Castello di Guardaval<\/strong> Dal 2025, si affermer\u00e0 come uno di questi luoghi speciali, immerso nel paesaggio mozzafiato dell&#039;Engadina. Qui, sopra Madulain, musica e storia si fondono per creare un&#039;esperienza unica.<\/p><p data-start=\"621\" data-end=\"896\">Con la loro bellezza selvaggia e l&#039;aura storica, le rovine di Guardaval offrono uno scenario unico per concerti jazz all&#039;aperto.<\/p><p data-start=\"621\" data-end=\"896\">In caso di maltempo, il Madulain Lodge, all&#039;ingresso di Madulain, offre un&#039;alternativa suggestiva e asciutta.<\/p><p data-start=\"621\" data-end=\"896\">\u00a0<\/p>\t\t\t\t\t\t\t\t<\/div>\n\t\t\t\t<\/div>\n\t\t\t\t<div class=\"elementor-element elementor-element-0b1073e elementor-position-inline-start elementor-view-default elementor-mobile-position-block-start elementor-widget elementor-widget-icon-box\" data-id=\"0b1073e\" data-element_type=\"widget\" data-e-type=\"widget\" data-widget_type=\"icon-box.default\">\n\t\t\t\t<div class=\"elementor-widget-container\">\n\t\t\t\t\t\t\t<div class=\"elementor-icon-box-wrapper\">\n\n\t\t\t\t\t\t<div class=\"elementor-icon-box-icon\">\n\t\t\t\t<a href=\"https:\/\/www.festivaldajazz.ch\" target=\"_blank\" class=\"elementor-icon\" tabindex=\"-1\" aria-label=\"Festival del jazz\">\n\t\t\t\t<i aria-hidden=\"true\" class=\"fas fa-link\"><\/i>\t\t\t\t<\/a>\n\t\t\t<\/div>\n\t\t\t\n\t\t\t\t\t\t<div class=\"elementor-icon-box-content\">\n\n\t\t\t\t\t\t\t\t\t<h5 class=\"elementor-icon-box-title\">\n\t\t\t\t\t\t<a href=\"https:\/\/www.festivaldajazz.ch\" target=\"_blank\" >\n\t\t\t\t\t\t\tFestival del jazz\t\t\t\t\t\t<\/a>\n\t\t\t\t\t<\/h5>\n\t\t\t\t\n\t\t\t\t\n\t\t\t<\/div>\n\t\t\t\n\t\t<\/div>\n\t\t\t\t\t\t<\/div>\n\t\t\t\t<\/div>\n\t\t\t\t<div class=\"elementor-element elementor-element-eb3ec83 elementor-position-inline-start elementor-view-default elementor-mobile-position-block-start elementor-widget elementor-widget-icon-box\" data-id=\"eb3ec83\" data-element_type=\"widget\" data-e-type=\"widget\" data-widget_type=\"icon-box.default\">\n\t\t\t\t<div class=\"elementor-widget-container\">\n\t\t\t\t\t\t\t<div class=\"elementor-icon-box-wrapper\">\n\n\t\t\t\t\t\t<div class=\"elementor-icon-box-icon\">\n\t\t\t\t<a href=\"https:\/\/www.instagram.com\/p\/DMlGh7lKGdu\/\" target=\"_blank\" class=\"elementor-icon\" tabindex=\"-1\" aria-label=\"Festival jazz di Instagram\">\n\t\t\t\t<i aria-hidden=\"true\" class=\"fab fa-instagram\"><\/i>\t\t\t\t<\/a>\n\t\t\t<\/div>\n\t\t\t\n\t\t\t\t\t\t<div class=\"elementor-icon-box-content\">\n\n\t\t\t\t\t\t\t\t\t<h5 class=\"elementor-icon-box-title\">\n\t\t\t\t\t\t<a href=\"https:\/\/www.instagram.com\/p\/DMlGh7lKGdu\/\" target=\"_blank\" >\n\t\t\t\t\t\t\tFestival jazz di Instagram\t\t\t\t\t\t<\/a>\n\t\t\t\t\t<\/h5>\n\t\t\t\t\n\t\t\t\t\n\t\t\t<\/div>\n\t\t\t\n\t\t<\/div>\n\t\t\t\t\t\t<\/div>\n\t\t\t\t<\/div>\n\t\t\t\t<div class=\"elementor-element elementor-element-28546ac elementor-position-inline-start elementor-view-default elementor-mobile-position-block-start elementor-widget elementor-widget-icon-box\" data-id=\"28546ac\" data-element_type=\"widget\" data-e-type=\"widget\" data-widget_type=\"icon-box.default\">\n\t\t\t\t<div class=\"elementor-widget-container\">\n\t\t\t\t\t\t\t<div class=\"elementor-icon-box-wrapper\">\n\n\t\t\t\t\t\t<div class=\"elementor-icon-box-icon\">\n\t\t\t\t<a href=\"https:\/\/www.picdrop.com\/maykwendt\/QUt81W3uai\" target=\"_blank\" class=\"elementor-icon\" tabindex=\"-1\" aria-label=\"Galleria fotografica di Marky Wendt\">\n\t\t\t\t<i aria-hidden=\"true\" class=\"far fa-images\"><\/i>\t\t\t\t<\/a>\n\t\t\t<\/div>\n\t\t\t\n\t\t\t\t\t\t<div class=\"elementor-icon-box-content\">\n\n\t\t\t\t\t\t\t\t\t<h5 class=\"elementor-icon-box-title\">\n\t\t\t\t\t\t<a href=\"https:\/\/www.picdrop.com\/maykwendt\/QUt81W3uai\" target=\"_blank\" >\n\t\t\t\t\t\t\tGalleria fotografica di Marky Wendt\t\t\t\t\t\t<\/a>\n\t\t\t\t\t<\/h5>\n\t\t\t\t\n\t\t\t\t\n\t\t\t<\/div>\n\t\t\t\n\t\t<\/div>\n\t\t\t\t\t\t<\/div>\n\t\t\t\t<\/div>\n\t\t\t\t<\/div>\n\t\t<div class=\"elementor-element elementor-element-395a4a3 e-con-full e-flex e-con e-child\" data-id=\"395a4a3\" data-element_type=\"container\" data-e-type=\"container\" data-settings=\"{&quot;background_background&quot;:&quot;classic&quot;}\">\n\t\t\t\t<div class=\"elementor-element elementor-element-2416339 elementor-widget elementor-widget-image\" data-id=\"2416339\" data-element_type=\"widget\" data-e-type=\"widget\" data-widget_type=\"image.default\">\n\t\t\t\t<div class=\"elementor-widget-container\">\n\t\t\t\t\t\t\t\t\t\t\t\t\t\t\t<img decoding=\"async\" src=\"https:\/\/www.madulain.ch\/wp-content\/uploads\/elementor\/thumbs\/Traktorkestar_Madulain_2025-r93tu3er2xbefqo5r973t0gw6i6hbrlqp9x276daqc.jpg\" title=\"Traktorkestar_Madulain_2025\" alt=\"Traktorkestar_Madulain_2025\" loading=\"lazy\" \/>\t\t\t\t\t\t\t\t\t\t\t\t\t\t\t<\/div>\n\t\t\t\t<\/div>\n\t\t\t\t<div class=\"elementor-element elementor-element-a72cab7 elementor-widget elementor-widget-image\" data-id=\"a72cab7\" data-element_type=\"widget\" data-e-type=\"widget\" data-widget_type=\"image.default\">\n\t\t\t\t<div class=\"elementor-widget-container\">\n\t\t\t\t\t\t\t\t\t\t\t\t\t\t\t<img decoding=\"async\" src=\"https:\/\/www.madulain.ch\/wp-content\/uploads\/elementor\/thumbs\/MA1-0624-fotoswiss-Traktorkestar-Festival-da-Jazz-StMoritz-scaled-r9v1sih7hqt8jesskjnlymkl1bcfkkhad8h3jypfo4.jpg\" title=\"MA1-0624-fotoswiss-Traktorkestar-Festival-da-Jazz-StMoritz\" alt=\"MA1-0624-fotoswiss-Traktorkestar-Festival-da-Jazz-StMoritz\" loading=\"lazy\" \/>\t\t\t\t\t\t\t\t\t\t\t\t\t\t\t<\/div>\n\t\t\t\t<\/div>\n\t\t\t\t<div class=\"elementor-element elementor-element-f72318e elementor-widget elementor-widget-image\" data-id=\"f72318e\" data-element_type=\"widget\" data-e-type=\"widget\" data-widget_type=\"image.default\">\n\t\t\t\t<div class=\"elementor-widget-container\">\n\t\t\t\t\t\t\t\t\t\t\t\t\t\t\t<img decoding=\"async\" src=\"https:\/\/www.madulain.ch\/wp-content\/uploads\/elementor\/thumbs\/MA1-0467-fotoswiss-Traktorkestar-Festival-da-Jazz-StMoritz-scaled-r9v1niy18dzgxw1kow1v8dvjkpxbqdok0jvcw43mok.jpg\" title=\"MA1-0467-fotoswiss-Traktorkestar-Festival-da-Jazz-StMoritz\" alt=\"MA1-0467-fotoswiss-Traktorkestar-Festival-da-Jazz-StMoritz\" loading=\"lazy\" \/>\t\t\t\t\t\t\t\t\t\t\t\t\t\t\t<\/div>\n\t\t\t\t<\/div>\n\t\t\t\t<div class=\"elementor-element elementor-element-330b0cc elementor-widget elementor-widget-image\" data-id=\"330b0cc\" data-element_type=\"widget\" data-e-type=\"widget\" data-widget_type=\"image.default\">\n\t\t\t\t<div class=\"elementor-widget-container\">\n\t\t\t\t\t\t\t\t\t\t\t\t\t\t\t<img fetchpriority=\"high\" decoding=\"async\" width=\"1024\" height=\"683\" src=\"https:\/\/www.madulain.ch\/wp-content\/uploads\/2025\/08\/MA1-0406-fotoswiss-Traktorkestar-Festival-da-Jazz-StMoritz-1024x683.jpg\" class=\"attachment-large size-large wp-image-10439\" alt=\"\" srcset=\"https:\/\/www.madulain.ch\/wp-content\/uploads\/2025\/08\/MA1-0406-fotoswiss-Traktorkestar-Festival-da-Jazz-StMoritz-1024x683.jpg 1024w, https:\/\/www.madulain.ch\/wp-content\/uploads\/2025\/08\/MA1-0406-fotoswiss-Traktorkestar-Festival-da-Jazz-StMoritz-300x200.jpg 300w, https:\/\/www.madulain.ch\/wp-content\/uploads\/2025\/08\/MA1-0406-fotoswiss-Traktorkestar-Festival-da-Jazz-StMoritz-768x512.jpg 768w, https:\/\/www.madulain.ch\/wp-content\/uploads\/2025\/08\/MA1-0406-fotoswiss-Traktorkestar-Festival-da-Jazz-StMoritz-1536x1024.jpg 1536w, https:\/\/www.madulain.ch\/wp-content\/uploads\/2025\/08\/MA1-0406-fotoswiss-Traktorkestar-Festival-da-Jazz-StMoritz-2048x1365.jpg 2048w, https:\/\/www.madulain.ch\/wp-content\/uploads\/2025\/08\/MA1-0406-fotoswiss-Traktorkestar-Festival-da-Jazz-StMoritz-18x12.jpg 18w, https:\/\/www.madulain.ch\/wp-content\/uploads\/2025\/08\/MA1-0406-fotoswiss-Traktorkestar-Festival-da-Jazz-StMoritz-1080x720.jpg 1080w, https:\/\/www.madulain.ch\/wp-content\/uploads\/2025\/08\/MA1-0406-fotoswiss-Traktorkestar-Festival-da-Jazz-StMoritz-700x467.jpg 700w\" sizes=\"(max-width: 1024px) 100vw, 1024px\" \/>\t\t\t\t\t\t\t\t\t\t\t\t\t\t\t<\/div>\n\t\t\t\t<\/div>\n\t\t\t\t<div class=\"elementor-element elementor-element-7b874e5 elementor-widget elementor-widget-heading\" data-id=\"7b874e5\" data-element_type=\"widget\" data-e-type=\"widget\" data-widget_type=\"heading.default\">\n\t\t\t\t<div class=\"elementor-widget-container\">\n\t\t\t\t\t<p class=\"elementor-heading-title elementor-size-default\">Immagini: fotoswiss.com\/Giancarlo Cattaneo <\/p>\t\t\t\t<\/div>\n\t\t\t\t<\/div>\n\t\t\t\t<\/div>\n\t\t\t\t\t<\/div>\n\t\t\t\t<\/div>\n\t\t<div class=\"elementor-element elementor-element-b8b1448 e-flex e-con-boxed e-con e-parent\" data-id=\"b8b1448\" data-element_type=\"container\" data-e-type=\"container\">\n\t\t\t\t\t<div class=\"e-con-inner\">\n\t\t<div class=\"elementor-element elementor-element-c26b512 e-con-full e-flex e-con e-child\" data-id=\"c26b512\" data-element_type=\"container\" data-e-type=\"container\" data-settings=\"{&quot;background_background&quot;:&quot;classic&quot;}\">\n\t\t\t\t<\/div>\n\t\t<div class=\"elementor-element elementor-element-fd89f10 e-con-full e-flex e-con e-child\" data-id=\"fd89f10\" data-element_type=\"container\" data-e-type=\"container\">\n\t\t\t\t<div class=\"elementor-element elementor-element-e179391 elementor-widget elementor-widget-text-editor\" data-id=\"e179391\" data-element_type=\"widget\" data-e-type=\"widget\" data-widget_type=\"text-editor.default\">\n\t\t\t\t<div class=\"elementor-widget-container\">\n\t\t\t\t\t\t\t\t\t<p><span style=\"font-size: 19px; font-style: normal;\"><b>Come arrivare al castello di Guardaval\u00a0<\/b><\/span><\/p><p>Lo storico castello e il palco del Festival di Guardaval si trovano a circa 20 minuti a piedi dalla stazione ferroviaria di Madulain.<\/p><p>Per raggiungere Madulain, consigliamo di utilizzare i mezzi pubblici. I parcheggi presso la stazione ferroviaria di Madulain sono limitati. Ulteriori parcheggi sono disponibili presso l&#039;area officina di Madulain, situata all&#039;ingresso del paese, vicino al ponte sull&#039;Inn.<\/p>\t\t\t\t\t\t\t\t<\/div>\n\t\t\t\t<\/div>\n\t\t\t\t<\/div>\n\t\t\t\t\t<\/div>\n\t\t\t\t<\/div>\n\t\t<div class=\"elementor-element elementor-element-193d380 e-flex e-con-boxed e-con e-parent\" data-id=\"193d380\" data-element_type=\"container\" data-e-type=\"container\">\n\t\t\t\t\t<div class=\"e-con-inner\">\n\t\t<div class=\"elementor-element elementor-element-a50c800 e-con-full e-flex e-con e-child\" data-id=\"a50c800\" data-element_type=\"container\" data-e-type=\"container\">\n\t\t\t\t<div class=\"elementor-element elementor-element-ed2bf15 elementor-widget elementor-widget-heading\" data-id=\"ed2bf15\" data-element_type=\"widget\" data-e-type=\"widget\" data-widget_type=\"heading.default\">\n\t\t\t\t<div class=\"elementor-widget-container\">\n\t\t\t\t\t<h1 class=\"elementor-heading-title elementor-size-default\">Guardaval Sounds<\/h1>\t\t\t\t<\/div>\n\t\t\t\t<\/div>\n\t\t\t\t<div class=\"elementor-element elementor-element-df13572 elementor-widget elementor-widget-text-editor\" data-id=\"df13572\" data-element_type=\"widget\" data-e-type=\"widget\" data-widget_type=\"text-editor.default\">\n\t\t\t\t<div class=\"elementor-widget-container\">\n\t\t\t\t\t\t\t\t\t<p><strong>La famiglia all&#039;aria aperta sopra Madulain al castello di Guardaval<\/strong><\/p><p>Nella soleggiata radura del castello di Guardaval troneggia un piccolo palco di legno, sul cui palco si esibiscono innumerevoli artisti e musicisti. Qui, sotto il cielo brillante, musicisti e pubblico si ritrovano in intima vicinanza l&#039;uno con l&#039;altro.<\/p><p>Guardaval Sounds non \u00e8 solo un luogo per la musica, ma un movimento che sostiene i giovani talenti della regione e offre loro un palcoscenico per svilupparsi personalmente. <br \/>I principi base di questo open air sono ben definiti:<br \/>In questo luogo incantevole sono necessari suoni stimolanti. I concerti si tengono sempre all&#039;ora di pranzo e non richiedono tecnologie complesse. <\/p><p>Chiunque voglia seguire il richiamo della musica \u00e8 il benvenuto, senza pagare il biglietto d&#039;ingresso. <br \/>L&#039;obiettivo di Guardaval Sounds era ed \u00e8 quello di collocare gli artisti con le loro voci uniche al centro di un paesaggio naturale mozzafiato. <br \/>Questa esperienza indimenticabile dovrebbe essere accessibile sia agli ospiti, sia alla gente del posto che ai fan fedeli.<\/p>\t\t\t\t\t\t\t\t<\/div>\n\t\t\t\t<\/div>\n\t\t\t\t<\/div>\n\t\t<div class=\"elementor-element elementor-element-1e2fa22 e-con-full e-flex e-con e-child\" data-id=\"1e2fa22\" data-element_type=\"container\" data-e-type=\"container\" data-settings=\"{&quot;background_background&quot;:&quot;classic&quot;}\">\n\t\t\t\t<div class=\"elementor-element elementor-element-d7a879a elementor-widget elementor-widget-image\" data-id=\"d7a879a\" data-element_type=\"widget\" data-e-type=\"widget\" data-widget_type=\"image.default\">\n\t\t\t\t<div class=\"elementor-widget-container\">\n\t\t\t\t\t\t\t\t\t\t\t\t\t\t\t<img decoding=\"async\" src=\"https:\/\/www.madulain.ch\/wp-content\/uploads\/elementor\/thumbs\/Guardavalsounds2-qk51wdemlf562blbs45ubp5bp0r5p1v90ms543ab2s.jpg\" title=\"Guardavalsounds2\" alt=\"Guardavalsounds2\" loading=\"lazy\" \/>\t\t\t\t\t\t\t\t\t\t\t\t\t\t\t<\/div>\n\t\t\t\t<\/div>\n\t\t\t\t<div class=\"elementor-element elementor-element-4100a31 elementor-widget elementor-widget-image\" data-id=\"4100a31\" data-element_type=\"widget\" data-e-type=\"widget\" data-widget_type=\"image.default\">\n\t\t\t\t<div class=\"elementor-widget-container\">\n\t\t\t\t\t\t\t\t\t\t\t\t\t\t\t<img decoding=\"async\" src=\"https:\/\/www.madulain.ch\/wp-content\/uploads\/elementor\/thumbs\/GuardavalSounds-qk50bj3zb3bxz85op1n11jiuh6x37z7ljak3cpkdck.png\" title=\"GuardavalSounds\" alt=\"GuardavalSounds\" loading=\"lazy\" \/>\t\t\t\t\t\t\t\t\t\t\t\t\t\t\t<\/div>\n\t\t\t\t<\/div>\n\t\t\t\t<div class=\"elementor-element elementor-element-e7bec4e elementor-widget elementor-widget-image\" data-id=\"e7bec4e\" data-element_type=\"widget\" data-e-type=\"widget\" data-widget_type=\"image.default\">\n\t\t\t\t<div class=\"elementor-widget-container\">\n\t\t\t\t\t\t\t\t\t\t\t\t\t\t\t<img decoding=\"async\" src=\"https:\/\/www.madulain.ch\/wp-content\/uploads\/elementor\/thumbs\/GuardavalsoundsBack-qk539n42tsl8mi0x2wuuirk4n3ws5wgqshtdp88exg.jpg\" title=\"GuardavalsoundsBack\" alt=\"GuardavalsoundsBack\" loading=\"lazy\" \/>\t\t\t\t\t\t\t\t\t\t\t\t\t\t\t<\/div>\n\t\t\t\t<\/div>\n\t\t\t\t<div class=\"elementor-element elementor-element-392f27a elementor-widget elementor-widget-image\" data-id=\"392f27a\" data-element_type=\"widget\" data-e-type=\"widget\" data-widget_type=\"image.default\">\n\t\t\t\t<div class=\"elementor-widget-container\">\n\t\t\t\t\t\t\t\t\t\t\t\t\t\t\t<img decoding=\"async\" width=\"1024\" height=\"683\" src=\"https:\/\/www.madulain.ch\/wp-content\/uploads\/2025\/05\/GuardavalSounds-front-1024x683.jpg\" class=\"attachment-large size-large wp-image-10153\" alt=\"\" srcset=\"https:\/\/www.madulain.ch\/wp-content\/uploads\/2025\/05\/GuardavalSounds-front-1024x683.jpg 1024w, https:\/\/www.madulain.ch\/wp-content\/uploads\/2025\/05\/GuardavalSounds-front-300x200.jpg 300w, https:\/\/www.madulain.ch\/wp-content\/uploads\/2025\/05\/GuardavalSounds-front-768x512.jpg 768w, https:\/\/www.madulain.ch\/wp-content\/uploads\/2025\/05\/GuardavalSounds-front-1536x1024.jpg 1536w, https:\/\/www.madulain.ch\/wp-content\/uploads\/2025\/05\/GuardavalSounds-front-18x12.jpg 18w, https:\/\/www.madulain.ch\/wp-content\/uploads\/2025\/05\/GuardavalSounds-front-1080x720.jpg 1080w, https:\/\/www.madulain.ch\/wp-content\/uploads\/2025\/05\/GuardavalSounds-front-700x467.jpg 700w, https:\/\/www.madulain.ch\/wp-content\/uploads\/2025\/05\/GuardavalSounds-front.jpg 1920w\" sizes=\"(max-width: 1024px) 100vw, 1024px\" \/>\t\t\t\t\t\t\t\t\t\t\t\t\t\t\t<\/div>\n\t\t\t\t<\/div>\n\t\t\t\t<div class=\"elementor-element elementor-element-379bec0 elementor-widget elementor-widget-heading\" data-id=\"379bec0\" data-element_type=\"widget\" data-e-type=\"widget\" data-widget_type=\"heading.default\">\n\t\t\t\t<div class=\"elementor-widget-container\">\n\t\t\t\t\t<p class=\"elementor-heading-title elementor-size-default\">Foto: Comune di Madulain<\/p>\t\t\t\t<\/div>\n\t\t\t\t<\/div>\n\t\t\t\t<\/div>\n\t\t\t\t\t<\/div>\n\t\t\t\t<\/div>\n\t\t<div class=\"elementor-element elementor-element-ffde159 elementor-hidden-desktop elementor-hidden-tablet elementor-hidden-mobile e-flex e-con-boxed e-con e-parent\" data-id=\"ffde159\" data-element_type=\"container\" data-e-type=\"container\">\n\t\t\t\t\t<div class=\"e-con-inner\">\n\t\t<div class=\"elementor-element elementor-element-df9183f e-con-full e-flex e-con e-child\" data-id=\"df9183f\" data-element_type=\"container\" data-e-type=\"container\">\n\t\t\t\t<div class=\"elementor-element elementor-element-66dfd08 elementor-widget elementor-widget-heading\" data-id=\"66dfd08\" data-element_type=\"widget\" data-e-type=\"widget\" data-widget_type=\"heading.default\">\n\t\t\t\t<div class=\"elementor-widget-container\">\n\t\t\t\t\t<h2 class=\"elementor-heading-title elementor-size-default\">13a edizione del Guardaval Sounds<\/h2>\t\t\t\t<\/div>\n\t\t\t\t<\/div>\n\t\t\t\t<div class=\"elementor-element elementor-element-0733817 elementor-widget elementor-widget-text-editor\" data-id=\"0733817\" data-element_type=\"widget\" data-e-type=\"widget\" data-widget_type=\"text-editor.default\">\n\t\t\t\t<div class=\"elementor-widget-container\">\n\t\t\t\t\t\t\t\t\t<p>Anche quest&#039;anno l&#039;esperienza musicale si svolger\u00e0 nella cornice naturale unica dell&#039;Engadina presso il castello di Guardaval a Madulain.<\/p><p><span style=\"font-size: 18pt; font-style: normal;\"><b>Domenica 28 luglio 2024<br \/>Castello di Guardaval, Madulain<\/b><\/span><\/p><p>Ore 11:00 \u2013 Apertura piazzali<br \/>13:00 \u2013 Concerto con Marina Linn\u00a0<\/p><p><strong>Iscrizione:<\/strong> gratuito<\/p><p><strong>Ristorante festivo con grill e bevande:<\/strong> Consumo desiderato<\/p><p><strong>Informazioni meteorologiche:<\/strong><br \/>Il telefono 1600 fornisce informazioni sull&#039;evento al Castello di Guardaval dalle ore 8:00.\u00a0<br \/>In caso di pioggia, il concerto si svolger\u00e0 nel tendone di fronte al Madulain Lodge.<\/p>\t\t\t\t\t\t\t\t<\/div>\n\t\t\t\t<\/div>\n\t\t\t\t<div class=\"elementor-element elementor-element-151ac8e elementor-widget elementor-widget-shortcode\" data-id=\"151ac8e\" data-element_type=\"widget\" data-e-type=\"widget\" data-widget_type=\"shortcode.default\">\n\t\t\t\t<div class=\"elementor-widget-container\">\n\t\t\t\t\t\t\t<div class=\"elementor-shortcode\"><a href=\"https:\/\/www.madulain.ch\/wp-content\/uploads\/2024\/02\/Flyer-Guardaval-Sounds-2024.pdf\" class=\"pdfemb-viewer\" style=\"width: 300px; height: 300px; \" data-width=\"300\" data-height=\"300\" data-mobile-width=\"500\"  data-scrollbar=\"vertical\" data-download=\"on\" data-tracking=\"on\" data-newwindow=\"on\" data-pagetextbox=\"off\" data-scrolltotop=\"off\" data-startzoom=\"100\" data-startfpzoom=\"100\" data-toolbar=\"top\" data-toolbar-fixed=\"on\">Volantino-Guardaval-Sounds-2024<br\/><\/a>\n\n<\/div>\n\t\t\t\t\t\t<\/div>\n\t\t\t\t<\/div>\n\t\t\t\t<\/div>\n\t\t<div class=\"elementor-element elementor-element-efd45ff e-con-full e-flex e-con e-child\" data-id=\"efd45ff\" data-element_type=\"container\" data-e-type=\"container\" data-settings=\"{&quot;background_background&quot;:&quot;classic&quot;}\">\n\t\t\t\t<\/div>\n\t\t\t\t\t<\/div>\n\t\t\t\t<\/div>\n\t\t<div class=\"elementor-element elementor-element-ec554a5 e-flex e-con-boxed e-con e-parent\" data-id=\"ec554a5\" data-element_type=\"container\" data-e-type=\"container\">\n\t\t\t\t\t<div class=\"e-con-inner\">\n\t\t<div class=\"elementor-element elementor-element-12b021b e-con-full e-flex e-con e-child\" data-id=\"12b021b\" data-element_type=\"container\" data-e-type=\"container\">\n\t\t\t\t<div class=\"elementor-element elementor-element-08d4f1a elementor-widget elementor-widget-spacer\" data-id=\"08d4f1a\" data-element_type=\"widget\" data-e-type=\"widget\" data-widget_type=\"spacer.default\">\n\t\t\t\t<div class=\"elementor-widget-container\">\n\t\t\t\t\t\t\t<div class=\"elementor-spacer\">\n\t\t\t<div class=\"elementor-spacer-inner\"><\/div>\n\t\t<\/div>\n\t\t\t\t\t\t<\/div>\n\t\t\t\t<\/div>\n\t\t\t\t<\/div>\n\t\t\t\t\t<\/div>\n\t\t\t\t<\/div>\n\t\t\t\t<\/div>","protected":false},"excerpt":{"rendered":"\n<p>\t\t\t\t\tMadulain\t\t\t\t<\/p>\n<p>Guardaval Festivals<br \/>\nKultur mit Weitblick<br \/>\nHoch \u00fcber Madulain thront die Ruine Burg Guardaval \u2013 ein geschichtstr\u00e4chtiger Ort mit einmaligem Charme. Heute dient [&#8230;]<\/p>\n","protected":false},"author":2,"featured_media":9098,"parent":939,"menu_order":0,"comment_status":"closed","ping_status":"closed","template":"","meta":{"_relevanssi_hide_post":"","_relevanssi_hide_content":"","_relevanssi_pin_for_all":"","_relevanssi_pin_keywords":"","_relevanssi_unpin_keywords":"","_relevanssi_related_keywords":"","_relevanssi_related_include_ids":"","_relevanssi_related_exclude_ids":"","_relevanssi_related_no_append":"","_relevanssi_related_not_related":"","_relevanssi_related_posts":"","_relevanssi_noindex_reason":"","site-sidebar-layout":"no-sidebar","site-content-layout":"page-builder","ast-site-content-layout":"full-width-container","site-content-style":"default","site-sidebar-style":"default","ast-global-header-display":"","ast-banner-title-visibility":"","ast-main-header-display":"","ast-hfb-above-header-display":"","ast-hfb-below-header-display":"","ast-hfb-mobile-header-display":"","site-post-title":"disabled","ast-breadcrumbs-content":"","ast-featured-img":"disabled","footer-sml-layout":"","ast-disable-related-posts":"","theme-transparent-header-meta":"","adv-header-id-meta":"","stick-header-meta":"","header-above-stick-meta":"","header-main-stick-meta":"","header-below-stick-meta":"","astra-migrate-meta-layouts":"set","ast-page-background-enabled":"default","ast-page-background-meta":{"desktop":{"background-color":"","background-image":"","background-repeat":"repeat","background-position":"center center","background-size":"auto","background-attachment":"scroll","background-type":"","background-media":"","overlay-type":"","overlay-color":"","overlay-opacity":"","overlay-gradient":""},"tablet":{"background-color":"","background-image":"","background-repeat":"repeat","background-position":"center center","background-size":"auto","background-attachment":"scroll","background-type":"","background-media":"","overlay-type":"","overlay-color":"","overlay-opacity":"","overlay-gradient":""},"mobile":{"background-color":"","background-image":"","background-repeat":"repeat","background-position":"center center","background-size":"auto","background-attachment":"scroll","background-type":"","background-media":"","overlay-type":"","overlay-color":"","overlay-opacity":"","overlay-gradient":""}},"ast-content-background-meta":{"desktop":{"background-color":"var(--ast-global-color-5)","background-image":"","background-repeat":"repeat","background-position":"center center","background-size":"auto","background-attachment":"scroll","background-type":"","background-media":"","overlay-type":"","overlay-color":"","overlay-opacity":"","overlay-gradient":""},"tablet":{"background-color":"var(--ast-global-color-5)","background-image":"","background-repeat":"repeat","background-position":"center center","background-size":"auto","background-attachment":"scroll","background-type":"","background-media":"","overlay-type":"","overlay-color":"","overlay-opacity":"","overlay-gradient":""},"mobile":{"background-color":"var(--ast-global-color-5)","background-image":"","background-repeat":"repeat","background-position":"center center","background-size":"auto","background-attachment":"scroll","background-type":"","background-media":"","overlay-type":"","overlay-color":"","overlay-opacity":"","overlay-gradient":""}},"footnotes":""},"class_list":["post-9063","page","type-page","status-publish","has-post-thumbnail","hentry"],"yoast_head":"<!-- This site is optimized with the Yoast SEO plugin v27.4 - https:\/\/yoast.com\/product\/yoast-seo-wordpress\/ -->\n<title>Guardaval Festivals - Gemeinde Madulain<\/title>\n<meta name=\"robots\" content=\"index, follow, max-snippet:-1, max-image-preview:large, max-video-preview:-1\" \/>\n<link rel=\"canonical\" href=\"https:\/\/www.madulain.ch\/it\/turismo\/festival-di-guardaval\/\" \/>\n<meta property=\"og:locale\" content=\"it_IT\" \/>\n<meta property=\"og:type\" content=\"article\" \/>\n<meta property=\"og:title\" content=\"Guardaval Festivals - Gemeinde Madulain\" \/>\n<meta property=\"og:description\" content=\"Madulain                  Guardaval Festivals Kultur mit Weitblick Hoch \u00fcber Madulain thront die Ruine Burg Guardaval \u2013 ein geschichtstr\u00e4chtiger Ort mit einmaligem Charme. Heute dient [...]\" \/>\n<meta property=\"og:url\" content=\"https:\/\/www.madulain.ch\/it\/turismo\/festival-di-guardaval\/\" \/>\n<meta property=\"og:site_name\" content=\"Gemeinde Madulain\" \/>\n<meta property=\"article:modified_time\" content=\"2025-08-06T15:19:59+00:00\" \/>\n<meta property=\"og:image\" content=\"https:\/\/www.madulain.ch\/wp-content\/uploads\/2024\/02\/GuardavalsoundsBack.jpg\" \/>\n\t<meta property=\"og:image:width\" content=\"2048\" \/>\n\t<meta property=\"og:image:height\" content=\"1063\" \/>\n\t<meta property=\"og:image:type\" content=\"image\/jpeg\" \/>\n<meta name=\"twitter:card\" content=\"summary_large_image\" \/>\n<meta name=\"twitter:label1\" content=\"Tempo di lettura stimato\" \/>\n\t<meta name=\"twitter:data1\" content=\"3 minuti\" \/>\n<script type=\"application\/ld+json\" class=\"yoast-schema-graph\">{\"@context\":\"https:\\\/\\\/schema.org\",\"@graph\":[{\"@type\":\"WebPage\",\"@id\":\"https:\\\/\\\/www.madulain.ch\\\/tourismus\\\/guardaval-festivals\\\/\",\"url\":\"https:\\\/\\\/www.madulain.ch\\\/tourismus\\\/guardaval-festivals\\\/\",\"name\":\"Guardaval Festivals - Gemeinde Madulain\",\"isPartOf\":{\"@id\":\"https:\\\/\\\/www.madulain.ch\\\/#website\"},\"primaryImageOfPage\":{\"@id\":\"https:\\\/\\\/www.madulain.ch\\\/tourismus\\\/guardaval-festivals\\\/#primaryimage\"},\"image\":{\"@id\":\"https:\\\/\\\/www.madulain.ch\\\/tourismus\\\/guardaval-festivals\\\/#primaryimage\"},\"thumbnailUrl\":\"https:\\\/\\\/www.madulain.ch\\\/wp-content\\\/uploads\\\/2024\\\/02\\\/GuardavalsoundsBack.jpg\",\"datePublished\":\"2024-02-21T17:00:27+00:00\",\"dateModified\":\"2025-08-06T15:19:59+00:00\",\"breadcrumb\":{\"@id\":\"https:\\\/\\\/www.madulain.ch\\\/tourismus\\\/guardaval-festivals\\\/#breadcrumb\"},\"inLanguage\":\"it-IT\",\"potentialAction\":[{\"@type\":\"ReadAction\",\"target\":[\"https:\\\/\\\/www.madulain.ch\\\/tourismus\\\/guardaval-festivals\\\/\"]}]},{\"@type\":\"ImageObject\",\"inLanguage\":\"it-IT\",\"@id\":\"https:\\\/\\\/www.madulain.ch\\\/tourismus\\\/guardaval-festivals\\\/#primaryimage\",\"url\":\"https:\\\/\\\/www.madulain.ch\\\/wp-content\\\/uploads\\\/2024\\\/02\\\/GuardavalsoundsBack.jpg\",\"contentUrl\":\"https:\\\/\\\/www.madulain.ch\\\/wp-content\\\/uploads\\\/2024\\\/02\\\/GuardavalsoundsBack.jpg\",\"width\":2048,\"height\":1063},{\"@type\":\"BreadcrumbList\",\"@id\":\"https:\\\/\\\/www.madulain.ch\\\/tourismus\\\/guardaval-festivals\\\/#breadcrumb\",\"itemListElement\":[{\"@type\":\"ListItem\",\"position\":1,\"name\":\"Madulain\",\"item\":\"https:\\\/\\\/www.madulain.ch\\\/\"},{\"@type\":\"ListItem\",\"position\":2,\"name\":\"Der Ferienort\",\"item\":\"https:\\\/\\\/www.madulain.ch\\\/tourismus\\\/\"},{\"@type\":\"ListItem\",\"position\":3,\"name\":\"Guardaval Festivals\"}]},{\"@type\":\"WebSite\",\"@id\":\"https:\\\/\\\/www.madulain.ch\\\/#website\",\"url\":\"https:\\\/\\\/www.madulain.ch\\\/\",\"name\":\"Gemeinde Madulain\",\"description\":\"Region Maloja, Engadin - St. Moritz\",\"publisher\":{\"@id\":\"https:\\\/\\\/www.madulain.ch\\\/#organization\"},\"potentialAction\":[{\"@type\":\"SearchAction\",\"target\":{\"@type\":\"EntryPoint\",\"urlTemplate\":\"https:\\\/\\\/www.madulain.ch\\\/?s={search_term_string}\"},\"query-input\":{\"@type\":\"PropertyValueSpecification\",\"valueRequired\":true,\"valueName\":\"search_term_string\"}}],\"inLanguage\":\"it-IT\"},{\"@type\":\"Organization\",\"@id\":\"https:\\\/\\\/www.madulain.ch\\\/#organization\",\"name\":\"Gemeinde Madulain\",\"url\":\"https:\\\/\\\/www.madulain.ch\\\/\",\"logo\":{\"@type\":\"ImageObject\",\"inLanguage\":\"it-IT\",\"@id\":\"https:\\\/\\\/www.madulain.ch\\\/#\\\/schema\\\/logo\\\/image\\\/\",\"url\":\"https:\\\/\\\/www.madulain.ch\\\/wp-content\\\/uploads\\\/2019\\\/08\\\/madulain_logo_black.png\",\"contentUrl\":\"https:\\\/\\\/www.madulain.ch\\\/wp-content\\\/uploads\\\/2019\\\/08\\\/madulain_logo_black.png\",\"width\":500,\"height\":129,\"caption\":\"Gemeinde Madulain\"},\"image\":{\"@id\":\"https:\\\/\\\/www.madulain.ch\\\/#\\\/schema\\\/logo\\\/image\\\/\"}}]}<\/script>\n<!-- \/ Yoast SEO plugin. -->","yoast_head_json":{"title":"Feste di Guardaval - Comune di Madulain","robots":{"index":"index","follow":"follow","max-snippet":"max-snippet:-1","max-image-preview":"max-image-preview:large","max-video-preview":"max-video-preview:-1"},"canonical":"https:\/\/www.madulain.ch\/it\/turismo\/festival-di-guardaval\/","og_locale":"it_IT","og_type":"article","og_title":"Guardaval Festivals - Gemeinde Madulain","og_description":"Madulain                  Guardaval Festivals Kultur mit Weitblick Hoch \u00fcber Madulain thront die Ruine Burg Guardaval \u2013 ein geschichtstr\u00e4chtiger Ort mit einmaligem Charme. Heute dient [...]","og_url":"https:\/\/www.madulain.ch\/it\/turismo\/festival-di-guardaval\/","og_site_name":"Gemeinde Madulain","article_modified_time":"2025-08-06T15:19:59+00:00","og_image":[{"width":2048,"height":1063,"url":"https:\/\/www.madulain.ch\/wp-content\/uploads\/2024\/02\/GuardavalsoundsBack.jpg","type":"image\/jpeg"}],"twitter_card":"summary_large_image","twitter_misc":{"Tempo di lettura stimato":"3 minuti"},"schema":{"@context":"https:\/\/schema.org","@graph":[{"@type":"WebPage","@id":"https:\/\/www.madulain.ch\/tourismus\/guardaval-festivals\/","url":"https:\/\/www.madulain.ch\/tourismus\/guardaval-festivals\/","name":"Feste di Guardaval - Comune di Madulain","isPartOf":{"@id":"https:\/\/www.madulain.ch\/#website"},"primaryImageOfPage":{"@id":"https:\/\/www.madulain.ch\/tourismus\/guardaval-festivals\/#primaryimage"},"image":{"@id":"https:\/\/www.madulain.ch\/tourismus\/guardaval-festivals\/#primaryimage"},"thumbnailUrl":"https:\/\/www.madulain.ch\/wp-content\/uploads\/2024\/02\/GuardavalsoundsBack.jpg","datePublished":"2024-02-21T17:00:27+00:00","dateModified":"2025-08-06T15:19:59+00:00","breadcrumb":{"@id":"https:\/\/www.madulain.ch\/tourismus\/guardaval-festivals\/#breadcrumb"},"inLanguage":"it-IT","potentialAction":[{"@type":"ReadAction","target":["https:\/\/www.madulain.ch\/tourismus\/guardaval-festivals\/"]}]},{"@type":"ImageObject","inLanguage":"it-IT","@id":"https:\/\/www.madulain.ch\/tourismus\/guardaval-festivals\/#primaryimage","url":"https:\/\/www.madulain.ch\/wp-content\/uploads\/2024\/02\/GuardavalsoundsBack.jpg","contentUrl":"https:\/\/www.madulain.ch\/wp-content\/uploads\/2024\/02\/GuardavalsoundsBack.jpg","width":2048,"height":1063},{"@type":"BreadcrumbList","@id":"https:\/\/www.madulain.ch\/tourismus\/guardaval-festivals\/#breadcrumb","itemListElement":[{"@type":"ListItem","position":1,"name":"Madulain","item":"https:\/\/www.madulain.ch\/"},{"@type":"ListItem","position":2,"name":"Der Ferienort","item":"https:\/\/www.madulain.ch\/tourismus\/"},{"@type":"ListItem","position":3,"name":"Guardaval Festivals"}]},{"@type":"WebSite","@id":"https:\/\/www.madulain.ch\/#website","url":"https:\/\/www.madulain.ch\/","name":"Comune di Madulain","description":"Regione di Maloja, Engadina - St. Moritz","publisher":{"@id":"https:\/\/www.madulain.ch\/#organization"},"potentialAction":[{"@type":"SearchAction","target":{"@type":"EntryPoint","urlTemplate":"https:\/\/www.madulain.ch\/?s={search_term_string}"},"query-input":{"@type":"PropertyValueSpecification","valueRequired":true,"valueName":"search_term_string"}}],"inLanguage":"it-IT"},{"@type":"Organization","@id":"https:\/\/www.madulain.ch\/#organization","name":"Comune di Madulain","url":"https:\/\/www.madulain.ch\/","logo":{"@type":"ImageObject","inLanguage":"it-IT","@id":"https:\/\/www.madulain.ch\/#\/schema\/logo\/image\/","url":"https:\/\/www.madulain.ch\/wp-content\/uploads\/2019\/08\/madulain_logo_black.png","contentUrl":"https:\/\/www.madulain.ch\/wp-content\/uploads\/2019\/08\/madulain_logo_black.png","width":500,"height":129,"caption":"Gemeinde Madulain"},"image":{"@id":"https:\/\/www.madulain.ch\/#\/schema\/logo\/image\/"}}]}},"_links":{"self":[{"href":"https:\/\/www.madulain.ch\/it\/wp-json\/wp\/v2\/pages\/9063","targetHints":{"allow":["GET"]}}],"collection":[{"href":"https:\/\/www.madulain.ch\/it\/wp-json\/wp\/v2\/pages"}],"about":[{"href":"https:\/\/www.madulain.ch\/it\/wp-json\/wp\/v2\/types\/page"}],"author":[{"embeddable":true,"href":"https:\/\/www.madulain.ch\/it\/wp-json\/wp\/v2\/users\/2"}],"replies":[{"embeddable":true,"href":"https:\/\/www.madulain.ch\/it\/wp-json\/wp\/v2\/comments?post=9063"}],"version-history":[{"count":0,"href":"https:\/\/www.madulain.ch\/it\/wp-json\/wp\/v2\/pages\/9063\/revisions"}],"up":[{"embeddable":true,"href":"https:\/\/www.madulain.ch\/it\/wp-json\/wp\/v2\/pages\/939"}],"wp:featuredmedia":[{"embeddable":true,"href":"https:\/\/www.madulain.ch\/it\/wp-json\/wp\/v2\/media\/9098"}],"wp:attachment":[{"href":"https:\/\/www.madulain.ch\/it\/wp-json\/wp\/v2\/media?parent=9063"}],"curies":[{"name":"wp","href":"https:\/\/api.w.org\/{rel}","templated":true}]}}